{"id":7674,"date":"2025-05-12T13:04:32","date_gmt":"2025-05-12T13:04:32","guid":{"rendered":"https:\/\/kaderli.ch\/exclusivites\/pergola-biohort\/"},"modified":"2025-05-13T05:52:05","modified_gmt":"2025-05-13T05:52:05","slug":"pergola-biohort","status":"publish","type":"page","link":"https:\/\/kaderli.ch\/fr\/exclusivites\/pergola-biohort\/","title":{"rendered":"Pergola Biohort"},"content":{"rendered":"<p><div class=\"fusion-fullwidth fullwidth-box fusion-builder-row-1 fusion-flex-container has-pattern-background has-mask-background nonhundred-percent-fullwidth non-hundred-percent-height-scrolling\" style=\"--awb-border-radius-top-left:0px;--awb-border-radius-top-right:0px;--awb-border-radius-bottom-right:0px;--awb-border-radius-bottom-left:0px;--awb-padding-bottom:0px;--awb-margin-bottom:0px;--awb-flex-wrap:wrap;\" ><div class=\"fusion-builder-row fusion-row fusion-flex-align-items-flex-start fusion-flex-content-wrap\" style=\"max-width:1248px;margin-left: calc(-4% \/ 2 );margin-right: calc(-4% \/ 2 );\"><div class=\"fusion-layout-column fusion_builder_column fusion-builder-column-0 fusion_builder_column_1_1 1_1 fusion-flex-column\" style=\"--awb-bg-size:cover;--awb-width-large:100%;--awb-margin-top-large:0px;--awb-spacing-right-large:0%;--awb-margin-bottom-large:0px;--awb-spacing-left-large:0%;--awb-width-medium:100%;--awb-order-medium:0;--awb-spacing-right-medium:0%;--awb-spacing-left-medium:0%;--awb-width-small:100%;--awb-order-small:0;--awb-spacing-right-small:1.92%;--awb-spacing-left-small:1.92%;\"><div class=\"fusion-column-wrapper fusion-column-has-shadow fusion-flex-justify-content-flex-start fusion-content-layout-column\"><div class=\"awb-image-hotspots awb-image-hotspots-1\"><div class=\"awb-image-hotspots-wrapper\"><img decoding=\"async\" src=\"https:\/\/kaderli.ch\/wp-content\/uploads\/2025\/05\/Biohort-Kaderli-Ausschnitt.jpg\" alt=\"Biohort-Kaderli-Ausschnitt\" width=\"2095\" height=\"1047\" title=\"Biohort-Kaderli-Ausschnitt\" class=\"awb-image-hotspots-image wp-image-7586\" srcset=\"https:\/\/kaderli.ch\/wp-content\/uploads\/2025\/05\/Biohort-Kaderli-Ausschnitt-200x100.jpg 200w, https:\/\/kaderli.ch\/wp-content\/uploads\/2025\/05\/Biohort-Kaderli-Ausschnitt-300x150.jpg 300w, https:\/\/kaderli.ch\/wp-content\/uploads\/2025\/05\/Biohort-Kaderli-Ausschnitt-400x200.jpg 400w, https:\/\/kaderli.ch\/wp-content\/uploads\/2025\/05\/Biohort-Kaderli-Ausschnitt-500x250.jpg 500w, https:\/\/kaderli.ch\/wp-content\/uploads\/2025\/05\/Biohort-Kaderli-Ausschnitt-600x300.jpg 600w, https:\/\/kaderli.ch\/wp-content\/uploads\/2025\/05\/Biohort-Kaderli-Ausschnitt-700x350.jpg 700w, https:\/\/kaderli.ch\/wp-content\/uploads\/2025\/05\/Biohort-Kaderli-Ausschnitt-768x384.jpg 768w, https:\/\/kaderli.ch\/wp-content\/uploads\/2025\/05\/Biohort-Kaderli-Ausschnitt-800x400.jpg 800w, https:\/\/kaderli.ch\/wp-content\/uploads\/2025\/05\/Biohort-Kaderli-Ausschnitt-1024x512.jpg 1024w, https:\/\/kaderli.ch\/wp-content\/uploads\/2025\/05\/Biohort-Kaderli-Ausschnitt-1200x600.jpg 1200w, https:\/\/kaderli.ch\/wp-content\/uploads\/2025\/05\/Biohort-Kaderli-Ausschnitt-1536x768.jpg 1536w, https:\/\/kaderli.ch\/wp-content\/uploads\/2025\/05\/Biohort-Kaderli-Ausschnitt.jpg 2095w\" sizes=\"(max-width: 2095px) 100vw, 2095px\"\/><a style=\"--awb-pos-x:25.0%;--awb-pos-y:25%;\" class=\"awb-image-hotspots-hotspot awb-image-hotspots-hotspot-1\" role=\"button\" tabindex=\"0\" data-awb-toggle-image-hotspot-popover=\"true\" data-trigger=\"hover focus\" data-placement=\"auto\"> Lamelles r\u00e9glables<\/a><a style=\"--awb-pos-x:56.6%;--awb-pos-y:48.1%;\" class=\"awb-image-hotspots-hotspot awb-image-hotspots-hotspot-2\" role=\"button\" tabindex=\"0\" data-awb-toggle-image-hotspot-popover=\"true\" data-trigger=\"hover focus\" data-placement=\"auto\"> Red Dot Design Award 2025<\/a><a style=\"--awb-pos-x:10.4%;--awb-pos-y:79.2%;\" class=\"awb-image-hotspots-hotspot awb-image-hotspots-hotspot-3\" role=\"button\" tabindex=\"0\" data-awb-toggle-image-hotspot-popover=\"true\" data-trigger=\"hover focus\" data-placement=\"auto\"> Des d\u00e9tails bien pens\u00e9s<\/a><a style=\"--awb-pos-x:18.9%;--awb-pos-y:48.6%;\" class=\"awb-image-hotspots-hotspot awb-image-hotspots-hotspot-4\" role=\"button\" tabindex=\"0\" data-awb-toggle-image-hotspot-popover=\"true\" data-trigger=\"hover focus\" data-placement=\"auto\"> Option : store pare-soleil<\/a><a style=\"--awb-pos-x:34.9%;--awb-pos-y:60.4%;\" class=\"awb-image-hotspots-hotspot awb-image-hotspots-hotspot-5\" role=\"button\" tabindex=\"0\" data-awb-toggle-image-hotspot-popover=\"true\" data-trigger=\"hover focus\" data-placement=\"auto\"> Aspect noble et meilleurs mat\u00e9riaux<\/a><a style=\"--awb-pos-x:52.4%;--awb-pos-y:31.6%;\" class=\"awb-image-hotspots-hotspot awb-image-hotspots-hotspot-6\" role=\"button\" tabindex=\"0\" data-awb-toggle-image-hotspot-popover=\"true\" data-trigger=\"hover focus\" data-placement=\"auto\"> Option : \u00e9clairage int\u00e9rieur<\/a><\/div><\/div><\/div><\/div><\/div><\/div><div class=\"fusion-fullwidth fullwidth-box fusion-builder-row-2 fusion-flex-container has-pattern-background has-mask-background nonhundred-percent-fullwidth non-hundred-percent-height-scrolling\" style=\"--awb-border-radius-top-left:0px;--awb-border-radius-top-right:0px;--awb-border-radius-bottom-right:0px;--awb-border-radius-bottom-left:0px;--awb-margin-top:60px;--awb-margin-bottom:60px;--awb-flex-wrap:wrap;\" ><div class=\"fusion-builder-row fusion-row fusion-flex-align-items-flex-start fusion-flex-content-wrap\" style=\"max-width:1248px;margin-left: calc(-4% \/ 2 );margin-right: calc(-4% \/ 2 );\"><div class=\"fusion-layout-column fusion_builder_column fusion-builder-column-1 fusion_builder_column_1_2 1_2 fusion-flex-column\" style=\"--awb-bg-size:cover;--awb-width-large:50%;--awb-margin-top-large:0px;--awb-spacing-right-large:3.84%;--awb-margin-bottom-large:0px;--awb-spacing-left-large:3.84%;--awb-width-medium:50%;--awb-order-medium:0;--awb-spacing-right-medium:3.84%;--awb-spacing-left-medium:3.84%;--awb-width-small:100%;--awb-order-small:0;--awb-spacing-right-small:1.92%;--awb-spacing-left-small:1.92%;\"><div class=\"fusion-column-wrapper fusion-column-has-shadow fusion-flex-justify-content-flex-start fusion-content-layout-column\"><div class=\"fusion-text fusion-text-1 fusion-text-no-margin\" style=\"--awb-font-size:19px;--awb-text-transform:none;--awb-text-color:var(--awb-color5);--awb-margin-bottom:0px;\"><p>Abri de terrasse moderne et de haute qualit\u00e9 en m\u00e9tal.<\/p>\n<\/div><div class=\"fusion-separator\" style=\"align-self: flex-start;margin-right:auto;width:100%;max-width:282px;\"><div class=\"fusion-separator-border sep-single sep-dotted\" style=\"--awb-height:20px;--awb-amount:20px;--awb-sep-color:var(--awb-color4);border-color:var(--awb-color4);border-top-width:1px;\"><\/div><\/div><div class=\"fusion-title title fusion-title-1 fusion-sep-none fusion-title-text fusion-title-size-two\" style=\"--awb-margin-top:20px;--awb-margin-top-small:10px;--awb-margin-right-small:0px;--awb-margin-bottom-small:10px;--awb-margin-left-small:0px;\"><h2 class=\"fusion-title-heading title-heading-left fusion-responsive-typography-calculated\" style=\"margin:0;text-transform:none;--fontSize:44;line-height:var(--awb-typography1-line-height);\">Biohort Pergola<\/h2><\/div><\/div><\/div><div class=\"fusion-layout-column fusion_builder_column fusion-builder-column-2 fusion_builder_column_1_2 1_2 fusion-flex-column\" style=\"--awb-padding-top:70px;--awb-padding-right:60px;--awb-padding-top-small:40px;--awb-bg-size:cover;--awb-width-large:50%;--awb-margin-top-large:0px;--awb-spacing-right-large:3.84%;--awb-margin-bottom-large:0px;--awb-spacing-left-large:3.84%;--awb-width-medium:50%;--awb-order-medium:0;--awb-spacing-right-medium:3.84%;--awb-spacing-left-medium:3.84%;--awb-width-small:100%;--awb-order-small:0;--awb-spacing-right-small:1.92%;--awb-spacing-left-small:1.92%;\"><div class=\"fusion-column-wrapper fusion-column-has-shadow fusion-flex-justify-content-flex-start fusion-content-layout-column\"><div class=\"fusion-text fusion-text-2\" style=\"--awb-font-size:var(--awb-typography2-font-size);--awb-line-height:var(--awb-typography2-line-height);--awb-letter-spacing:var(--awb-typography2-letter-spacing);--awb-text-transform:var(--awb-typography2-text-transform);--awb-text-font-family:var(--awb-typography2-font-family);--awb-text-font-weight:var(--awb-typography2-font-weight);--awb-text-font-style:var(--awb-typography2-font-style);\"><p>Votre pergola bioclimatique pour plus de confort et de qualit\u00e9 de vie en plein air.<\/p>\n<\/div><div class=\"fusion-separator\" style=\"align-self: flex-start;margin-right:auto;margin-top:10px;width:100%;max-width:100px;\"><div class=\"fusion-separator-border sep-single sep-dotted\" style=\"--awb-height:20px;--awb-amount:20px;--awb-sep-color:var(--awb-color4);border-color:var(--awb-color4);border-top-width:1px;\"><\/div><\/div><\/div><\/div><div class=\"fusion-layout-column fusion_builder_column fusion-builder-column-3 fusion_builder_column_1_3 1_3 fusion-flex-column\" style=\"--awb-padding-top:40px;--awb-bg-color:var(--awb-color1);--awb-bg-color-hover:var(--awb-color1);--awb-bg-size:cover;--awb-border-color:hsla(var(--awb-color4-h),var(--awb-color4-s),var(--awb-color4-l),calc(var(--awb-color4-a) - 50%));--awb-border-style:solid;--awb-width-large:33.333333333333%;--awb-margin-top-large:0px;--awb-spacing-right-large:5.76%;--awb-margin-bottom-large:0px;--awb-spacing-left-large:5.76%;--awb-width-medium:33.333333333333%;--awb-order-medium:0;--awb-spacing-right-medium:5.76%;--awb-spacing-left-medium:5.76%;--awb-width-small:100%;--awb-order-small:0;--awb-spacing-right-small:1.92%;--awb-spacing-left-small:1.92%;\"><div class=\"fusion-column-wrapper fusion-column-has-shadow fusion-flex-justify-content-flex-start fusion-content-layout-column\"><div class=\"fusion-title title fusion-title-2 fusion-sep-none fusion-title-text fusion-title-size-five\" style=\"--awb-margin-top:40px;--awb-margin-bottom:10px;--awb-margin-top-small:30px;--awb-margin-right-small:0px;--awb-margin-bottom-small:10px;--awb-margin-left-small:0px;\"><h5 class=\"fusion-title-heading title-heading-left fusion-responsive-typography-calculated\" style=\"margin:0;text-transform:none;--fontSize:22;--minFontSize:22;line-height:1.3;\">Red Dot Design Award 2025<\/h5><\/div><div class=\"fusion-text fusion-text-3\"><p>La pergola Biohort a \u00e9t\u00e9 r\u00e9compens\u00e9e par le Red Dot Design Award en 2025. Des lignes claires, des mat\u00e9riaux de qualit\u00e9 et une finition pr\u00e9cise en font un lieu de retraite \u00e9l\u00e9gant en plein air. De la premi\u00e8re \u00e9bauche \u00e0 la production en s\u00e9rie, la pergola a \u00e9t\u00e9 enti\u00e8rement d\u00e9velopp\u00e9e chez Biohort.<\/p>\n<\/div><\/div><\/div><div class=\"fusion-layout-column fusion_builder_column fusion-builder-column-4 fusion_builder_column_1_3 1_3 fusion-flex-column\" style=\"--awb-padding-top:40px;--awb-bg-color:var(--awb-color1);--awb-bg-color-hover:var(--awb-color1);--awb-bg-size:cover;--awb-border-color:hsla(var(--awb-color4-h),var(--awb-color4-s),var(--awb-color4-l),calc(var(--awb-color4-a) - 50%));--awb-border-style:solid;--awb-width-large:33.333333333333%;--awb-margin-top-large:0px;--awb-spacing-right-large:5.76%;--awb-margin-bottom-large:0px;--awb-spacing-left-large:5.76%;--awb-width-medium:33.333333333333%;--awb-order-medium:0;--awb-spacing-right-medium:5.76%;--awb-spacing-left-medium:5.76%;--awb-width-small:100%;--awb-order-small:0;--awb-spacing-right-small:1.92%;--awb-spacing-left-small:1.92%;\"><div class=\"fusion-column-wrapper fusion-column-has-shadow fusion-flex-justify-content-flex-start fusion-content-layout-column\"><div class=\"fusion-image-element \" style=\"--awb-caption-title-font-family:var(--h2_typography-font-family);--awb-caption-title-font-weight:var(--h2_typography-font-weight);--awb-caption-title-font-style:var(--h2_typography-font-style);--awb-caption-title-size:var(--h2_typography-font-size);--awb-caption-title-transform:var(--h2_typography-text-transform);--awb-caption-title-line-height:var(--h2_typography-line-height);--awb-caption-title-letter-spacing:var(--h2_typography-letter-spacing);\"><span class=\" fusion-imageframe imageframe-none imageframe-1 hover-type-none\"><img decoding=\"async\" width=\"1200\" height=\"713\" title=\"Biohort-Logo-RGB-transparent-web\" src=\"https:\/\/kaderli.ch\/wp-content\/uploads\/2025\/05\/Biohort-Logo-RGB-transparent-web.png\" alt class=\"img-responsive wp-image-7593\" srcset=\"https:\/\/kaderli.ch\/wp-content\/uploads\/2025\/05\/Biohort-Logo-RGB-transparent-web-200x119.png 200w, https:\/\/kaderli.ch\/wp-content\/uploads\/2025\/05\/Biohort-Logo-RGB-transparent-web-400x238.png 400w, https:\/\/kaderli.ch\/wp-content\/uploads\/2025\/05\/Biohort-Logo-RGB-transparent-web-600x357.png 600w, https:\/\/kaderli.ch\/wp-content\/uploads\/2025\/05\/Biohort-Logo-RGB-transparent-web-800x475.png 800w, https:\/\/kaderli.ch\/wp-content\/uploads\/2025\/05\/Biohort-Logo-RGB-transparent-web.png 1200w\" sizes=\"(max-width: 640px) 100vw, 400px\" \/><\/span><\/div><\/div><\/div><div class=\"fusion-layout-column fusion_builder_column fusion-builder-column-5 fusion_builder_column_1_3 1_3 fusion-flex-column\" style=\"--awb-padding-top:40px;--awb-bg-color:var(--awb-color1);--awb-bg-color-hover:var(--awb-color1);--awb-bg-size:cover;--awb-border-color:hsla(var(--awb-color4-h),var(--awb-color4-s),var(--awb-color4-l),calc(var(--awb-color4-a) - 50%));--awb-border-style:solid;--awb-width-large:33.333333333333%;--awb-margin-top-large:0px;--awb-spacing-right-large:5.76%;--awb-margin-bottom-large:0px;--awb-spacing-left-large:5.76%;--awb-width-medium:33.333333333333%;--awb-order-medium:0;--awb-spacing-right-medium:5.76%;--awb-spacing-left-medium:5.76%;--awb-width-small:100%;--awb-order-small:0;--awb-spacing-right-small:1.92%;--awb-spacing-left-small:1.92%;\"><div class=\"fusion-column-wrapper fusion-column-has-shadow fusion-flex-justify-content-flex-start fusion-content-layout-column\"><div class=\"fusion-image-element \" style=\"--awb-caption-title-font-family:var(--h2_typography-font-family);--awb-caption-title-font-weight:var(--h2_typography-font-weight);--awb-caption-title-font-style:var(--h2_typography-font-style);--awb-caption-title-size:var(--h2_typography-font-size);--awb-caption-title-transform:var(--h2_typography-text-transform);--awb-caption-title-line-height:var(--h2_typography-line-height);--awb-caption-title-letter-spacing:var(--h2_typography-letter-spacing);\"><span class=\" fusion-imageframe imageframe-none imageframe-2 hover-type-none\"><img decoding=\"async\" width=\"1200\" height=\"671\" title=\"Reddot_design_award_logo\" src=\"https:\/\/kaderli.ch\/wp-content\/uploads\/2025\/05\/Reddot_design_award_logo.png\" alt class=\"img-responsive wp-image-7595\" srcset=\"https:\/\/kaderli.ch\/wp-content\/uploads\/2025\/05\/Reddot_design_award_logo-200x112.png 200w, https:\/\/kaderli.ch\/wp-content\/uploads\/2025\/05\/Reddot_design_award_logo-400x224.png 400w, https:\/\/kaderli.ch\/wp-content\/uploads\/2025\/05\/Reddot_design_award_logo-600x336.png 600w, https:\/\/kaderli.ch\/wp-content\/uploads\/2025\/05\/Reddot_design_award_logo-800x447.png 800w, https:\/\/kaderli.ch\/wp-content\/uploads\/2025\/05\/Reddot_design_award_logo.png 1200w\" sizes=\"(max-width: 640px) 100vw, 400px\" \/><\/span><\/div><\/div><\/div><\/div><\/div><div class=\"fusion-fullwidth fullwidth-box fusion-builder-row-3 fusion-flex-container has-pattern-background has-mask-background nonhundred-percent-fullwidth non-hundred-percent-height-scrolling\" style=\"--awb-border-radius-top-left:0px;--awb-border-radius-top-right:0px;--awb-border-radius-bottom-right:0px;--awb-border-radius-bottom-left:0px;--awb-padding-top:80px;--awb-padding-bottom:80px;--awb-margin-top:0px;--awb-background-color:var(--awb-color5);--awb-flex-wrap:wrap;\" ><div class=\"awb-background-mask\" style=\"background-image:  url(data:image\/svg+xml;utf8,%3Csvg%20width%3D%221920%22%20height%3D%22954%22%20fill%3D%22none%22%20xmlns%3D%22http%3A%2F%2Fwww.w3.org%2F2000%2Fsvg%22%3E%3Cg%20clip-path%3D%22url%28%23prefix__clip0_75_23031%29%22%20fill%3D%22rgba%283%2C63%2C91%2C1%29%22%3E%3Cpath%20d%3D%22M1321.57%20538C1357.08%20287.516%201273.7%2089.91%201127-.418L1374.18-6c65.77%20100.68-15.89%20431.512-52.61%20544zM312%20955c432.242%200%20746.77-180.667%20850-271-90.34%20157.09-176.766%20246.121-208.688%20271H312z%22%20fill%3D%22rgba%283%2C63%2C91%2C1%29%22%20fill-opacity%3D%22.25%22%2F%3E%3Cpath%20d%3D%22M1344.5%20427c0-252.4-212.67-390.833-319-428.5H1373c70%2082.4%2010.17%20320-28.5%20428.5z%22%20fill%3D%22rgba%283%2C63%2C91%2C1%29%22%20fill-opacity%3D%22.1%22%2F%3E%3Cpath%20fill-rule%3D%22evenodd%22%20clip-rule%3D%22evenodd%22%20d%3D%22M839.644%20954C1138.37%20793.549%201337%20508.902%201337%20184.5c0-63.218-7.54-124.926-21.9-184.5H1920v954H839.644zm0%200C676.842%201041.44%20484.311%201092%20278%201092c-584.87%200-1059-406.302-1059-907.5S-306.87-723%20278-723c511.098%200%20937.63%20310.269%201037.1%20723H0v954h839.644z%22%20fill%3D%22rgba%283%2C63%2C91%2C1%29%22%20fill-opacity%3D%22.5%22%2F%3E%3Cpath%20fill-rule%3D%22evenodd%22%20clip-rule%3D%22evenodd%22%20d%3D%22M1011.55%20954C1221.42%20793.95%201353%20564.007%201353%20308.5c0-108.584-23.76-212.552-67.2-308.5H1920v954h-908.45zm0%200c-187.291%20142.83-436.933%20230-711.05%20230C-280.78%201184-752%20792.025-752%20308.5S-280.78-567%20300.5-567c450.743%200%20835.31%20235.692%20985.3%20567H0v954h1011.55z%22%2F%3E%3C%2Fg%3E%3Cdefs%3E%3CclipPath%20id%3D%22prefix__clip0_75_23031%22%3E%3Cpath%20fill%3D%22%23fff%22%20d%3D%22M0%200h1920v954H0z%22%2F%3E%3C%2FclipPath%3E%3C%2Fdefs%3E%3C%2Fsvg%3E);opacity: 0.4 ;transform: scale(-1, 1);mix-blend-mode:normal;\"><\/div><div class=\"fusion-builder-row fusion-row fusion-flex-align-items-center fusion-flex-content-wrap\" style=\"max-width:1248px;margin-left: calc(-4% \/ 2 );margin-right: calc(-4% \/ 2 );\"><div class=\"fusion-layout-column fusion_builder_column fusion-builder-column-6 fusion_builder_column_1_2 1_2 fusion-flex-column fusion-flex-align-self-stretch\" style=\"--awb-overflow:hidden;--awb-bg-image:url(&#039;https:\/\/kaderli.ch\/wp-content\/uploads\/2024\/04\/Musterpool-Jetschwil-web-02.jpg&#039;);--awb-bg-position:center top;--awb-bg-size:cover;--awb-border-radius:0px 0px 0px 25px;--awb-width-large:50%;--awb-margin-top-large:0px;--awb-spacing-right-large:3.84%;--awb-margin-bottom-large:0px;--awb-spacing-left-large:3.84%;--awb-width-medium:50%;--awb-order-medium:0;--awb-spacing-right-medium:3.84%;--awb-spacing-left-medium:3.84%;--awb-width-small:100%;--awb-order-small:0;--awb-spacing-right-small:1.92%;--awb-spacing-left-small:1.92%;\" data-scroll-devices=\"small-visibility,medium-visibility,large-visibility\"><div class=\"fusion-column-wrapper fusion-column-has-shadow fusion-flex-justify-content-flex-start fusion-content-layout-column fusion-empty-column-bg-image fusion-column-has-bg-image\" data-bg-url=\"https:\/\/kaderli.ch\/wp-content\/uploads\/2024\/04\/Musterpool-Jetschwil-web-02.jpg\"><img decoding=\"async\" class=\"fusion-empty-dims-img-placeholder\" aria-label=\"Musterpool-Jetschwil-web-02\" src=\"data:image\/svg+xml,%3Csvg%20xmlns%3D%27http%3A%2F%2Fwww.w3.org%2F2000%2Fsvg%27%20width%3D%271200%27%20height%3D%271078%27%20viewBox%3D%270%200%201200%201078%27%3E%3Crect%20width%3D%271200%27%20height%3D%271078%27%20fill-opacity%3D%220%22%2F%3E%3C%2Fsvg%3E\"><\/div><\/div><div class=\"fusion-layout-column fusion_builder_column fusion-builder-column-7 fusion_builder_column_1_2 1_2 fusion-flex-column\" style=\"--awb-padding-right:50px;--awb-padding-left:50px;--awb-padding-left-medium:0px;--awb-bg-size:cover;--awb-width-large:50%;--awb-margin-top-large:0px;--awb-spacing-right-large:3.84%;--awb-margin-bottom-large:0px;--awb-spacing-left-large:3.84%;--awb-width-medium:50%;--awb-order-medium:0;--awb-spacing-right-medium:3.84%;--awb-spacing-left-medium:3.84%;--awb-width-small:100%;--awb-order-small:0;--awb-margin-top-small:60px;--awb-spacing-right-small:1.92%;--awb-spacing-left-small:1.92%;\" data-scroll-devices=\"small-visibility,medium-visibility,large-visibility\"><div class=\"fusion-column-wrapper fusion-column-has-shadow fusion-flex-justify-content-flex-start fusion-content-layout-column\"><div class=\"fusion-text fusion-text-4 fusion-text-no-margin\" style=\"--awb-font-size:19px;--awb-text-transform:none;--awb-text-color:var(--awb-custom_color_4);--awb-margin-bottom:0px;\"><p>Journ\u00e9es portes ouvertes 2026<\/p>\n<\/div><div class=\"fusion-separator\" style=\"align-self: flex-start;margin-right:auto;width:100%;max-width:325px;\"><div class=\"fusion-separator-border sep-single sep-dotted\" style=\"--awb-height:20px;--awb-amount:20px;--awb-sep-color:var(--awb-custom_color_4);border-color:var(--awb-custom_color_4);border-top-width:1px;\"><\/div><\/div><div class=\"fusion-title title fusion-title-3 fusion-sep-none fusion-title-text fusion-title-size-two\" style=\"--awb-text-color:var(--awb-color1);--awb-margin-top:20px;--awb-margin-top-small:10px;--awb-margin-right-small:0px;--awb-margin-bottom-small:10px;--awb-margin-left-small:0px;\"><h2 class=\"fusion-title-heading title-heading-left fusion-responsive-typography-calculated\" style=\"margin:0;--fontSize:44;line-height:var(--awb-typography1-line-height);\">Visitez notre piscine mod\u00e8le !<\/h2><\/div><div class=\"fusion-tabs fusion-tabs-1 classic nav-not-justified horizontal-tabs icon-position-left mobile-mode-accordion\" style=\"--icon-active-color:var(--awb-color1);--awb-margin-top:20px;--awb-margin-bottom:20px;--awb-title-border-radius-top-left:0px;--awb-title-border-radius-top-right:0px;--awb-title-border-radius-bottom-right:0px;--awb-title-border-radius-bottom-left:0px;--awb-content-padding-left:0px;--awb-title-padding-right:15px;--awb-title-padding-left:15px;--awb-title-font-size:20px;--awb-alignment:start;--awb-inactive-color:hsla(var(--awb-color8-h),var(--awb-color8-s),var(--awb-color8-l),calc(var(--awb-color8-a) - 100%));--awb-title-text-color:var(--awb-color4);--awb-title-active-text-color:var(--awb-color1);--awb-background-color:hsla(var(--awb-color8-h),var(--awb-color8-s),var(--awb-color8-l),calc(var(--awb-color8-a) - 100%));--awb-border-color:rgba(0,19,28,0);--awb-active-border-color:var(--awb-color5);\"><div class=\"nav\"><ul class=\"nav-tabs\" role=\"tablist\"><li class=\"active\" role=\"presentation\"><a class=\"tab-link\" data-toggle=\"tab\" role=\"tab\" aria-controls=\"tab-e98f66862be8209e967\" aria-selected=\"true\" id=\"fusion-tab-dates\" href=\"#tab-e98f66862be8209e967\"><h5 class=\"fusion-tab-heading\"><i class=\"fontawesome-icon fa-calendar-check far\" aria-hidden=\"true\" style=\"font-size:16px;\"><\/i>Dates<\/h5><\/a><\/li><li role=\"presentation\"><a class=\"tab-link\" data-toggle=\"tab\" role=\"tab\" aria-controls=\"tab-66d2ab0e4956d9409a5\" aria-selected=\"false\" tabindex=\"-1\" id=\"fusion-tab-apporter\" href=\"#tab-66d2ab0e4956d9409a5\"><h5 class=\"fusion-tab-heading\"><i class=\"fontawesome-icon fa-swimming-pool fas\" aria-hidden=\"true\" style=\"font-size:16px;\"><\/i>Apporter<\/h5><\/a><\/li><li role=\"presentation\"><a class=\"tab-link\" data-toggle=\"tab\" role=\"tab\" aria-controls=\"tab-0abcce2fd5527cdde64\" aria-selected=\"false\" tabindex=\"-1\" id=\"fusion-tab-voicicommentnoustrouver.\" href=\"#tab-0abcce2fd5527cdde64\"><h5 class=\"fusion-tab-heading\"><i class=\"fontawesome-icon awb-business-map-regular\" aria-hidden=\"true\" style=\"font-size:16px;\"><\/i>Voici comment nous trouver.<\/h5><\/a><\/li><\/ul><\/div><div class=\"tab-content\"><div class=\"nav fusion-mobile-tab-nav\"><ul class=\"nav-tabs\" role=\"tablist\"><li class=\"active\" role=\"presentation\"><a class=\"tab-link\" data-toggle=\"tab\" role=\"tab\" aria-controls=\"tab-e98f66862be8209e967\" aria-selected=\"true\" id=\"mobile-fusion-tab-dates\" href=\"#tab-e98f66862be8209e967\"><h5 class=\"fusion-tab-heading\"><i class=\"fontawesome-icon fa-calendar-check far\" aria-hidden=\"true\" style=\"font-size:16px;\"><\/i>Dates<\/h5><\/a><\/li><\/ul><\/div><div class=\"tab-pane fade fusion-clearfix in active\" role=\"tabpanel\" tabindex=\"0\" aria-labelledby=\"fusion-tab-dates\" id=\"tab-e98f66862be8209e967\">\n<div class=\"fusion-text fusion-text-5 fusion-text-no-margin\" style=\"--awb-text-color:var(--awb-color1);--awb-margin-bottom:0px;\"><ul>\n<li>Samedi \u2013 28 mars \u2013 10-16 heures<\/li>\n<li>Samedi \u2013 13 juin \u2013 10-16 heures<\/li>\n<li>Samedi \u2013 27 juin \u2013 10-16 heures<\/li>\n<li>Samedi \u2013 11 jullet \u2013 10-16 heures<\/li>\n<\/ul>\n<p>Vous avez manqu\u00e9 nos dates de test ? Pas de probl\u00e8me \u2013 nous nous ferons un plaisir de vous montrer notre pool de test, \u00e0 vous et \u00e0 votre famille.\u00a0Veuillez nous contacter par t\u00e9l\u00e9phone et laissez-vous convaincre par cette magnifique installation.<\/p>\n<\/div>\n<\/div><div class=\"nav fusion-mobile-tab-nav\"><ul class=\"nav-tabs\" role=\"tablist\"><li role=\"presentation\"><a class=\"tab-link\" data-toggle=\"tab\" role=\"tab\" aria-controls=\"tab-66d2ab0e4956d9409a5\" aria-selected=\"false\" tabindex=\"-1\" id=\"mobile-fusion-tab-apporter\" href=\"#tab-66d2ab0e4956d9409a5\"><h5 class=\"fusion-tab-heading\"><i class=\"fontawesome-icon fa-swimming-pool fas\" aria-hidden=\"true\" style=\"font-size:16px;\"><\/i>Apporter<\/h5><\/a><\/li><\/ul><\/div><div class=\"tab-pane fade fusion-clearfix\" role=\"tabpanel\" tabindex=\"0\" aria-labelledby=\"fusion-tab-apporter\" id=\"tab-66d2ab0e4956d9409a5\"><div class=\"fusion-text fusion-text-6 fusion-text-no-margin\" style=\"--awb-text-color:var(--awb-color1);--awb-margin-bottom:0px;\"><p>Apportez votre maillot de bain. Vous pouvez tester personnellement le pool et vous convaincre d\u2018un environnement merveilleux.<\/p>\n<\/div><\/div><div class=\"nav fusion-mobile-tab-nav\"><ul class=\"nav-tabs\" role=\"tablist\"><li role=\"presentation\"><a class=\"tab-link\" data-toggle=\"tab\" role=\"tab\" aria-controls=\"tab-0abcce2fd5527cdde64\" aria-selected=\"false\" tabindex=\"-1\" id=\"mobile-fusion-tab-voicicommentnoustrouver.\" href=\"#tab-0abcce2fd5527cdde64\"><h5 class=\"fusion-tab-heading\"><i class=\"fontawesome-icon awb-business-map-regular\" aria-hidden=\"true\" style=\"font-size:16px;\"><\/i>Voici comment nous trouver.<\/h5><\/a><\/li><\/ul><\/div><div class=\"tab-pane fade fusion-clearfix\" role=\"tabpanel\" tabindex=\"0\" aria-labelledby=\"fusion-tab-voicicommentnoustrouver.\" id=\"tab-0abcce2fd5527cdde64\"><div class=\"fusion-text fusion-text-7 fusion-text-no-margin\" style=\"--awb-text-color:var(--awb-color1);--awb-margin-bottom:0px;\"><p>Kaderli SA Paysagiste<br \/>\nJetschwil 55<br \/>\n3186 Guin<\/p>\n<ul>\n<li>A 10 minutes de Fribourg<\/li>\n<li><a href=\"https:\/\/kaderli.ch\/fr\/a-propos-de-nous\/contact\/\" target=\"_blank\" rel=\"noopener\">Plan de situation et acc\u00e8s<\/a><\/li>\n<li><a href=\"https:\/\/goo.gl\/maps\/Gjxr5yqHKU82\" target=\"_blank\" rel=\"noopener\">Google Maps<\/a><\/li>\n<\/ul>\n<\/div><\/div><\/div><\/div><div class=\"fusion-separator\" style=\"align-self: flex-start;margin-right:auto;width:100%;max-width:60px;\"><div class=\"fusion-separator-border sep-single sep-dotted\" style=\"--awb-height:20px;--awb-amount:20px;--awb-sep-color:var(--awb-color4);border-color:var(--awb-color4);border-top-width:1px;\"><\/div><\/div><div class=\"fusion-text fusion-text-8 fusion-text-no-margin\" style=\"--awb-text-color:hsla(var(--awb-color1-h),var(--awb-color1-s),var(--awb-color1-l),calc(var(--awb-color1-a) - 30%));--awb-margin-top:40px;--awb-margin-bottom:10px;\"><p>Pour des questions personnelles, appelez-nous simplement.<\/p>\n<\/div><div class=\"fusion-builder-row fusion-builder-row-inner fusion-row fusion-flex-align-items-center fusion-flex-content-wrap\" style=\"--awb-flex-grow:0;--awb-flex-grow-medium:0;--awb-flex-grow-small:0;--awb-flex-shrink:0;--awb-flex-shrink-medium:0;--awb-flex-shrink-small:0;width:104% !important;max-width:104% !important;margin-left: calc(-4% \/ 2 );margin-right: calc(-4% \/ 2 );\"><div class=\"fusion-layout-column fusion_builder_column_inner fusion-builder-nested-column-0 fusion_builder_column_inner_1_1 1_1 fusion-flex-column\" style=\"--awb-bg-size:cover;--awb-width-large:100%;--awb-margin-top-large:0px;--awb-spacing-right-large:1.92%;--awb-margin-bottom-large:0px;--awb-spacing-left-large:1.92%;--awb-width-medium:100%;--awb-order-medium:0;--awb-spacing-right-medium:1.92%;--awb-spacing-left-medium:1.92%;--awb-width-small:100%;--awb-order-small:0;--awb-spacing-right-small:1.92%;--awb-spacing-left-small:1.92%;\"><div class=\"fusion-column-wrapper fusion-column-has-shadow fusion-flex-justify-content-flex-start fusion-content-layout-row\"><i class=\"fb-icon-element-1 fb-icon-element fontawesome-icon awb-business-phone-alt-solid circle-yes fusion-text-flow\" style=\"--awb-circlecolor:var(--awb-custom_color_3);--awb-circlebordercolor-hover:var(--awb-color8);--awb-circlebordersize:0px;--awb-font-size:15.84px;--awb-width:31.68px;--awb-height:31.68px;--awb-line-height:31.68px;--awb-margin-top:5px;--awb-margin-right:10px;\"><\/i><div class=\"fusion-text fusion-text-9 fusion-text-no-margin\" style=\"--awb-font-size:var(--awb-typography2-font-size);--awb-line-height:var(--awb-typography2-line-height);--awb-letter-spacing:var(--awb-typography2-letter-spacing);--awb-text-transform:var(--awb-typography2-text-transform);--awb-text-color:var(--awb-color1);--awb-margin-bottom:0px;--awb-text-font-family:var(--awb-typography2-font-family);--awb-text-font-weight:var(--awb-typography2-font-weight);--awb-text-font-style:var(--awb-typography2-font-style);\"><p><strong>026 493 15 44<\/strong><\/p>\n<\/div><\/div><\/div><\/div><\/div><\/div><\/div><\/div>\n<div class=\"fusion-fullwidth fullwidth-box fusion-builder-row-4 fusion-flex-container has-pattern-background has-mask-background nonhundred-percent-fullwidth non-hundred-percent-height-scrolling\" style=\"--awb-border-radius-top-left:0px;--awb-border-radius-top-right:0px;--awb-border-radius-bottom-right:0px;--awb-border-radius-bottom-left:0px;--awb-padding-top:60px;--awb-padding-bottom:60px;--awb-background-color:var(--awb-color2);--awb-flex-wrap:wrap;\" ><div class=\"fusion-builder-row fusion-row fusion-flex-align-items-flex-start fusion-flex-content-wrap\" style=\"max-width:1248px;margin-left: calc(-4% \/ 2 );margin-right: calc(-4% \/ 2 );\"><div class=\"fusion-layout-column fusion_builder_column fusion-builder-column-8 fusion_builder_column_1_2 1_2 fusion-flex-column fusion-flex-align-self-stretch\" style=\"--awb-overflow:hidden;--awb-bg-size:cover;--awb-border-radius:0px 0px 0px 25px;--awb-width-large:50%;--awb-margin-top-large:0px;--awb-spacing-right-large:3.84%;--awb-margin-bottom-large:0px;--awb-spacing-left-large:3.84%;--awb-width-medium:50%;--awb-order-medium:0;--awb-spacing-right-medium:3.84%;--awb-spacing-left-medium:3.84%;--awb-width-small:100%;--awb-order-small:0;--awb-spacing-right-small:1.92%;--awb-spacing-left-small:1.92%;\"><div class=\"fusion-column-wrapper fusion-column-has-shadow fusion-flex-justify-content-flex-start fusion-content-layout-column\"><div class=\"fusion-image-carousel fusion-image-carousel-auto fusion-image-carousel-1 fusion-carousel-border\" style=\"margin-top:30px;\"><div class=\"awb-carousel awb-swiper awb-swiper-carousel awb-carousel--carousel awb-swiper-dots-position-bottom\" data-layout=\"carousel\" data-autoplay=\"no\" data-autoplayspeed=\"2500\" data-autoplaypause=\"no\" data-columns=\"1\" data-columnsmedium=\"1\" data-columnssmall=\"1\" data-itemmargin=\"0\" data-itemwidth=\"180\" data-touchscroll=\"no\" data-freemode=\"no\" data-imagesize=\"auto\" data-scrollitems=\"0\" data-centeredslides=\"yes\" data-rotationangle=\"50\" data-depth=\"100\" data-speed=\"500\" data-shadow=\"no\" data-pagination=\"bullets\" style=\"--awb-columns:1;--awb-column-spacing:0px;--awb-border-width:1px;--awb-border-color:#e9eaee;\"><div class=\"swiper-wrapper awb-image-carousel-wrapper fusion-flex-align-items-flex-start\"><div class=\"swiper-slide\"><div class=\"fusion-carousel-item-wrapper\"><div class=\"fusion-image-wrapper hover-type-none\"><img decoding=\"async\" width=\"2000\" height=\"2000\" src=\"https:\/\/kaderli.ch\/wp-content\/uploads\/2025\/05\/Detail-Pergola-Seitenwand.jpg\" class=\"attachment-full size-full\" alt=\"\" srcset=\"https:\/\/kaderli.ch\/wp-content\/uploads\/2025\/05\/Detail-Pergola-Seitenwand-66x66.jpg 66w, https:\/\/kaderli.ch\/wp-content\/uploads\/2025\/05\/Detail-Pergola-Seitenwand-150x150.jpg 150w, https:\/\/kaderli.ch\/wp-content\/uploads\/2025\/05\/Detail-Pergola-Seitenwand-200x200.jpg 200w, https:\/\/kaderli.ch\/wp-content\/uploads\/2025\/05\/Detail-Pergola-Seitenwand-300x300.jpg 300w, https:\/\/kaderli.ch\/wp-content\/uploads\/2025\/05\/Detail-Pergola-Seitenwand-400x400.jpg 400w, https:\/\/kaderli.ch\/wp-content\/uploads\/2025\/05\/Detail-Pergola-Seitenwand-500x500.jpg 500w, https:\/\/kaderli.ch\/wp-content\/uploads\/2025\/05\/Detail-Pergola-Seitenwand-600x600.jpg 600w, https:\/\/kaderli.ch\/wp-content\/uploads\/2025\/05\/Detail-Pergola-Seitenwand-700x700.jpg 700w, https:\/\/kaderli.ch\/wp-content\/uploads\/2025\/05\/Detail-Pergola-Seitenwand-768x768.jpg 768w, https:\/\/kaderli.ch\/wp-content\/uploads\/2025\/05\/Detail-Pergola-Seitenwand-800x800.jpg 800w, https:\/\/kaderli.ch\/wp-content\/uploads\/2025\/05\/Detail-Pergola-Seitenwand-1024x1024.jpg 1024w, https:\/\/kaderli.ch\/wp-content\/uploads\/2025\/05\/Detail-Pergola-Seitenwand-1200x1200.jpg 1200w, https:\/\/kaderli.ch\/wp-content\/uploads\/2025\/05\/Detail-Pergola-Seitenwand-1536x1536.jpg 1536w, https:\/\/kaderli.ch\/wp-content\/uploads\/2025\/05\/Detail-Pergola-Seitenwand.jpg 2000w\" sizes=\"(max-width: 2000px) 100vw, 2000px\" \/><\/div><\/div><\/div><div class=\"swiper-slide\"><div class=\"fusion-carousel-item-wrapper\"><div class=\"fusion-image-wrapper hover-type-none\"><img decoding=\"async\" width=\"1200\" height=\"1200\" src=\"https:\/\/kaderli.ch\/wp-content\/uploads\/2025\/05\/Detail-Pergola-Ecke.jpg\" class=\"attachment-full size-full\" alt=\"\" srcset=\"https:\/\/kaderli.ch\/wp-content\/uploads\/2025\/05\/Detail-Pergola-Ecke-66x66.jpg 66w, https:\/\/kaderli.ch\/wp-content\/uploads\/2025\/05\/Detail-Pergola-Ecke-150x150.jpg 150w, https:\/\/kaderli.ch\/wp-content\/uploads\/2025\/05\/Detail-Pergola-Ecke-200x200.jpg 200w, https:\/\/kaderli.ch\/wp-content\/uploads\/2025\/05\/Detail-Pergola-Ecke-300x300.jpg 300w, https:\/\/kaderli.ch\/wp-content\/uploads\/2025\/05\/Detail-Pergola-Ecke-400x400.jpg 400w, https:\/\/kaderli.ch\/wp-content\/uploads\/2025\/05\/Detail-Pergola-Ecke-500x500.jpg 500w, https:\/\/kaderli.ch\/wp-content\/uploads\/2025\/05\/Detail-Pergola-Ecke-600x600.jpg 600w, https:\/\/kaderli.ch\/wp-content\/uploads\/2025\/05\/Detail-Pergola-Ecke-700x700.jpg 700w, https:\/\/kaderli.ch\/wp-content\/uploads\/2025\/05\/Detail-Pergola-Ecke-768x768.jpg 768w, https:\/\/kaderli.ch\/wp-content\/uploads\/2025\/05\/Detail-Pergola-Ecke-800x800.jpg 800w, https:\/\/kaderli.ch\/wp-content\/uploads\/2025\/05\/Detail-Pergola-Ecke-1024x1024.jpg 1024w, https:\/\/kaderli.ch\/wp-content\/uploads\/2025\/05\/Detail-Pergola-Ecke.jpg 1200w\" sizes=\"(max-width: 1200px) 100vw, 1200px\" \/><\/div><\/div><\/div><div class=\"swiper-slide\"><div class=\"fusion-carousel-item-wrapper\"><div class=\"fusion-image-wrapper hover-type-none\"><img decoding=\"async\" width=\"1200\" height=\"1200\" src=\"https:\/\/kaderli.ch\/wp-content\/uploads\/2025\/05\/Detail-Pergola-Material.jpg\" class=\"attachment-full size-full\" alt=\"\" srcset=\"https:\/\/kaderli.ch\/wp-content\/uploads\/2025\/05\/Detail-Pergola-Material-66x66.jpg 66w, https:\/\/kaderli.ch\/wp-content\/uploads\/2025\/05\/Detail-Pergola-Material-150x150.jpg 150w, https:\/\/kaderli.ch\/wp-content\/uploads\/2025\/05\/Detail-Pergola-Material-200x200.jpg 200w, https:\/\/kaderli.ch\/wp-content\/uploads\/2025\/05\/Detail-Pergola-Material-300x300.jpg 300w, https:\/\/kaderli.ch\/wp-content\/uploads\/2025\/05\/Detail-Pergola-Material-400x400.jpg 400w, https:\/\/kaderli.ch\/wp-content\/uploads\/2025\/05\/Detail-Pergola-Material-500x500.jpg 500w, https:\/\/kaderli.ch\/wp-content\/uploads\/2025\/05\/Detail-Pergola-Material-600x600.jpg 600w, https:\/\/kaderli.ch\/wp-content\/uploads\/2025\/05\/Detail-Pergola-Material-700x700.jpg 700w, https:\/\/kaderli.ch\/wp-content\/uploads\/2025\/05\/Detail-Pergola-Material-768x768.jpg 768w, https:\/\/kaderli.ch\/wp-content\/uploads\/2025\/05\/Detail-Pergola-Material-800x800.jpg 800w, https:\/\/kaderli.ch\/wp-content\/uploads\/2025\/05\/Detail-Pergola-Material-1024x1024.jpg 1024w, https:\/\/kaderli.ch\/wp-content\/uploads\/2025\/05\/Detail-Pergola-Material.jpg 1200w\" sizes=\"(max-width: 1200px) 100vw, 1200px\" \/><\/div><\/div><\/div><div class=\"swiper-slide\"><div class=\"fusion-carousel-item-wrapper\"><div class=\"fusion-image-wrapper hover-type-none\"><img decoding=\"async\" width=\"1200\" height=\"1200\" src=\"https:\/\/kaderli.ch\/wp-content\/uploads\/2025\/05\/Detail-Pergola-Fuss-1.jpg\" class=\"attachment-full size-full\" alt=\"\" srcset=\"https:\/\/kaderli.ch\/wp-content\/uploads\/2025\/05\/Detail-Pergola-Fuss-1-66x66.jpg 66w, https:\/\/kaderli.ch\/wp-content\/uploads\/2025\/05\/Detail-Pergola-Fuss-1-150x150.jpg 150w, https:\/\/kaderli.ch\/wp-content\/uploads\/2025\/05\/Detail-Pergola-Fuss-1-200x200.jpg 200w, https:\/\/kaderli.ch\/wp-content\/uploads\/2025\/05\/Detail-Pergola-Fuss-1-300x300.jpg 300w, https:\/\/kaderli.ch\/wp-content\/uploads\/2025\/05\/Detail-Pergola-Fuss-1-400x400.jpg 400w, https:\/\/kaderli.ch\/wp-content\/uploads\/2025\/05\/Detail-Pergola-Fuss-1-500x500.jpg 500w, https:\/\/kaderli.ch\/wp-content\/uploads\/2025\/05\/Detail-Pergola-Fuss-1-600x600.jpg 600w, https:\/\/kaderli.ch\/wp-content\/uploads\/2025\/05\/Detail-Pergola-Fuss-1-700x700.jpg 700w, https:\/\/kaderli.ch\/wp-content\/uploads\/2025\/05\/Detail-Pergola-Fuss-1-768x768.jpg 768w, https:\/\/kaderli.ch\/wp-content\/uploads\/2025\/05\/Detail-Pergola-Fuss-1-800x800.jpg 800w, https:\/\/kaderli.ch\/wp-content\/uploads\/2025\/05\/Detail-Pergola-Fuss-1-1024x1024.jpg 1024w, https:\/\/kaderli.ch\/wp-content\/uploads\/2025\/05\/Detail-Pergola-Fuss-1.jpg 1200w\" sizes=\"(max-width: 1200px) 100vw, 1200px\" \/><\/div><\/div><\/div><div class=\"swiper-slide\"><div class=\"fusion-carousel-item-wrapper\"><div class=\"fusion-image-wrapper hover-type-none\"><img decoding=\"async\" width=\"1200\" height=\"1200\" src=\"https:\/\/kaderli.ch\/wp-content\/uploads\/2025\/05\/Detail-Pergola-Lamellen-90Grad.jpg\" class=\"attachment-full size-full\" alt=\"\" srcset=\"https:\/\/kaderli.ch\/wp-content\/uploads\/2025\/05\/Detail-Pergola-Lamellen-90Grad-66x66.jpg 66w, https:\/\/kaderli.ch\/wp-content\/uploads\/2025\/05\/Detail-Pergola-Lamellen-90Grad-150x150.jpg 150w, https:\/\/kaderli.ch\/wp-content\/uploads\/2025\/05\/Detail-Pergola-Lamellen-90Grad-200x200.jpg 200w, https:\/\/kaderli.ch\/wp-content\/uploads\/2025\/05\/Detail-Pergola-Lamellen-90Grad-300x300.jpg 300w, https:\/\/kaderli.ch\/wp-content\/uploads\/2025\/05\/Detail-Pergola-Lamellen-90Grad-400x400.jpg 400w, https:\/\/kaderli.ch\/wp-content\/uploads\/2025\/05\/Detail-Pergola-Lamellen-90Grad-500x500.jpg 500w, https:\/\/kaderli.ch\/wp-content\/uploads\/2025\/05\/Detail-Pergola-Lamellen-90Grad-600x600.jpg 600w, https:\/\/kaderli.ch\/wp-content\/uploads\/2025\/05\/Detail-Pergola-Lamellen-90Grad-700x700.jpg 700w, https:\/\/kaderli.ch\/wp-content\/uploads\/2025\/05\/Detail-Pergola-Lamellen-90Grad-768x768.jpg 768w, https:\/\/kaderli.ch\/wp-content\/uploads\/2025\/05\/Detail-Pergola-Lamellen-90Grad-800x800.jpg 800w, https:\/\/kaderli.ch\/wp-content\/uploads\/2025\/05\/Detail-Pergola-Lamellen-90Grad-1024x1024.jpg 1024w, https:\/\/kaderli.ch\/wp-content\/uploads\/2025\/05\/Detail-Pergola-Lamellen-90Grad.jpg 1200w\" sizes=\"(max-width: 1200px) 100vw, 1200px\" \/><\/div><\/div><\/div><div class=\"swiper-slide\"><div class=\"fusion-carousel-item-wrapper\"><div class=\"fusion-image-wrapper hover-type-none\"><img decoding=\"async\" width=\"1200\" height=\"1200\" src=\"https:\/\/kaderli.ch\/wp-content\/uploads\/2025\/05\/Pergola-Kaderli-Gartenbau-Biohort-18.jpg\" class=\"attachment-full size-full\" alt=\"\" srcset=\"https:\/\/kaderli.ch\/wp-content\/uploads\/2025\/05\/Pergola-Kaderli-Gartenbau-Biohort-18-66x66.jpg 66w, https:\/\/kaderli.ch\/wp-content\/uploads\/2025\/05\/Pergola-Kaderli-Gartenbau-Biohort-18-150x150.jpg 150w, https:\/\/kaderli.ch\/wp-content\/uploads\/2025\/05\/Pergola-Kaderli-Gartenbau-Biohort-18-200x200.jpg 200w, https:\/\/kaderli.ch\/wp-content\/uploads\/2025\/05\/Pergola-Kaderli-Gartenbau-Biohort-18-300x300.jpg 300w, https:\/\/kaderli.ch\/wp-content\/uploads\/2025\/05\/Pergola-Kaderli-Gartenbau-Biohort-18-400x400.jpg 400w, https:\/\/kaderli.ch\/wp-content\/uploads\/2025\/05\/Pergola-Kaderli-Gartenbau-Biohort-18-500x500.jpg 500w, https:\/\/kaderli.ch\/wp-content\/uploads\/2025\/05\/Pergola-Kaderli-Gartenbau-Biohort-18-600x600.jpg 600w, https:\/\/kaderli.ch\/wp-content\/uploads\/2025\/05\/Pergola-Kaderli-Gartenbau-Biohort-18-700x700.jpg 700w, https:\/\/kaderli.ch\/wp-content\/uploads\/2025\/05\/Pergola-Kaderli-Gartenbau-Biohort-18-768x768.jpg 768w, https:\/\/kaderli.ch\/wp-content\/uploads\/2025\/05\/Pergola-Kaderli-Gartenbau-Biohort-18-800x800.jpg 800w, https:\/\/kaderli.ch\/wp-content\/uploads\/2025\/05\/Pergola-Kaderli-Gartenbau-Biohort-18-1024x1024.jpg 1024w, https:\/\/kaderli.ch\/wp-content\/uploads\/2025\/05\/Pergola-Kaderli-Gartenbau-Biohort-18.jpg 1200w\" sizes=\"(max-width: 1200px) 100vw, 1200px\" \/><\/div><\/div><\/div><div class=\"swiper-slide\"><div class=\"fusion-carousel-item-wrapper\"><div class=\"fusion-image-wrapper hover-type-none\"><img decoding=\"async\" width=\"1200\" height=\"1200\" src=\"https:\/\/kaderli.ch\/wp-content\/uploads\/2025\/05\/Detail-Pergola-Lamellendach.jpg\" class=\"attachment-full size-full\" alt=\"\" srcset=\"https:\/\/kaderli.ch\/wp-content\/uploads\/2025\/05\/Detail-Pergola-Lamellendach-66x66.jpg 66w, https:\/\/kaderli.ch\/wp-content\/uploads\/2025\/05\/Detail-Pergola-Lamellendach-150x150.jpg 150w, https:\/\/kaderli.ch\/wp-content\/uploads\/2025\/05\/Detail-Pergola-Lamellendach-200x200.jpg 200w, https:\/\/kaderli.ch\/wp-content\/uploads\/2025\/05\/Detail-Pergola-Lamellendach-300x300.jpg 300w, https:\/\/kaderli.ch\/wp-content\/uploads\/2025\/05\/Detail-Pergola-Lamellendach-400x400.jpg 400w, https:\/\/kaderli.ch\/wp-content\/uploads\/2025\/05\/Detail-Pergola-Lamellendach-500x500.jpg 500w, https:\/\/kaderli.ch\/wp-content\/uploads\/2025\/05\/Detail-Pergola-Lamellendach-600x600.jpg 600w, https:\/\/kaderli.ch\/wp-content\/uploads\/2025\/05\/Detail-Pergola-Lamellendach-700x700.jpg 700w, https:\/\/kaderli.ch\/wp-content\/uploads\/2025\/05\/Detail-Pergola-Lamellendach-768x768.jpg 768w, https:\/\/kaderli.ch\/wp-content\/uploads\/2025\/05\/Detail-Pergola-Lamellendach-800x800.jpg 800w, https:\/\/kaderli.ch\/wp-content\/uploads\/2025\/05\/Detail-Pergola-Lamellendach-1024x1024.jpg 1024w, https:\/\/kaderli.ch\/wp-content\/uploads\/2025\/05\/Detail-Pergola-Lamellendach.jpg 1200w\" sizes=\"(max-width: 1200px) 100vw, 1200px\" \/><\/div><\/div><\/div><div class=\"swiper-slide\"><div class=\"fusion-carousel-item-wrapper\"><div class=\"fusion-image-wrapper hover-type-none\"><img decoding=\"async\" width=\"1200\" height=\"1200\" src=\"https:\/\/kaderli.ch\/wp-content\/uploads\/2025\/05\/Detail-Pergola-Sonne.jpg\" class=\"attachment-full size-full\" alt=\"\" srcset=\"https:\/\/kaderli.ch\/wp-content\/uploads\/2025\/05\/Detail-Pergola-Sonne-66x66.jpg 66w, https:\/\/kaderli.ch\/wp-content\/uploads\/2025\/05\/Detail-Pergola-Sonne-150x150.jpg 150w, https:\/\/kaderli.ch\/wp-content\/uploads\/2025\/05\/Detail-Pergola-Sonne-200x200.jpg 200w, https:\/\/kaderli.ch\/wp-content\/uploads\/2025\/05\/Detail-Pergola-Sonne-300x300.jpg 300w, https:\/\/kaderli.ch\/wp-content\/uploads\/2025\/05\/Detail-Pergola-Sonne-400x400.jpg 400w, https:\/\/kaderli.ch\/wp-content\/uploads\/2025\/05\/Detail-Pergola-Sonne-500x500.jpg 500w, https:\/\/kaderli.ch\/wp-content\/uploads\/2025\/05\/Detail-Pergola-Sonne-600x600.jpg 600w, https:\/\/kaderli.ch\/wp-content\/uploads\/2025\/05\/Detail-Pergola-Sonne-700x700.jpg 700w, https:\/\/kaderli.ch\/wp-content\/uploads\/2025\/05\/Detail-Pergola-Sonne-768x768.jpg 768w, https:\/\/kaderli.ch\/wp-content\/uploads\/2025\/05\/Detail-Pergola-Sonne-800x800.jpg 800w, https:\/\/kaderli.ch\/wp-content\/uploads\/2025\/05\/Detail-Pergola-Sonne-1024x1024.jpg 1024w, https:\/\/kaderli.ch\/wp-content\/uploads\/2025\/05\/Detail-Pergola-Sonne.jpg 1200w\" sizes=\"(max-width: 1200px) 100vw, 1200px\" \/><\/div><\/div><\/div><div class=\"swiper-slide\"><div class=\"fusion-carousel-item-wrapper\"><div class=\"fusion-image-wrapper hover-type-none\"><img decoding=\"async\" width=\"1200\" height=\"1200\" src=\"https:\/\/kaderli.ch\/wp-content\/uploads\/2025\/05\/Detail-Pergola-Ecke-02.jpg\" class=\"attachment-full size-full\" alt=\"\" srcset=\"https:\/\/kaderli.ch\/wp-content\/uploads\/2025\/05\/Detail-Pergola-Ecke-02-66x66.jpg 66w, https:\/\/kaderli.ch\/wp-content\/uploads\/2025\/05\/Detail-Pergola-Ecke-02-150x150.jpg 150w, https:\/\/kaderli.ch\/wp-content\/uploads\/2025\/05\/Detail-Pergola-Ecke-02-200x200.jpg 200w, https:\/\/kaderli.ch\/wp-content\/uploads\/2025\/05\/Detail-Pergola-Ecke-02-300x300.jpg 300w, https:\/\/kaderli.ch\/wp-content\/uploads\/2025\/05\/Detail-Pergola-Ecke-02-400x400.jpg 400w, https:\/\/kaderli.ch\/wp-content\/uploads\/2025\/05\/Detail-Pergola-Ecke-02-500x500.jpg 500w, https:\/\/kaderli.ch\/wp-content\/uploads\/2025\/05\/Detail-Pergola-Ecke-02-600x600.jpg 600w, https:\/\/kaderli.ch\/wp-content\/uploads\/2025\/05\/Detail-Pergola-Ecke-02-700x700.jpg 700w, https:\/\/kaderli.ch\/wp-content\/uploads\/2025\/05\/Detail-Pergola-Ecke-02-768x768.jpg 768w, https:\/\/kaderli.ch\/wp-content\/uploads\/2025\/05\/Detail-Pergola-Ecke-02-800x800.jpg 800w, https:\/\/kaderli.ch\/wp-content\/uploads\/2025\/05\/Detail-Pergola-Ecke-02-1024x1024.jpg 1024w, https:\/\/kaderli.ch\/wp-content\/uploads\/2025\/05\/Detail-Pergola-Ecke-02.jpg 1200w\" sizes=\"(max-width: 1200px) 100vw, 1200px\" \/><\/div><\/div><\/div><div class=\"swiper-slide\"><div class=\"fusion-carousel-item-wrapper\"><div class=\"fusion-image-wrapper hover-type-none\"><img decoding=\"async\" width=\"1200\" height=\"1200\" src=\"https:\/\/kaderli.ch\/wp-content\/uploads\/2025\/05\/Detail-Pergola-Lamellen-90Grad-2.jpg\" class=\"attachment-full size-full\" alt=\"\" srcset=\"https:\/\/kaderli.ch\/wp-content\/uploads\/2025\/05\/Detail-Pergola-Lamellen-90Grad-2-66x66.jpg 66w, https:\/\/kaderli.ch\/wp-content\/uploads\/2025\/05\/Detail-Pergola-Lamellen-90Grad-2-150x150.jpg 150w, https:\/\/kaderli.ch\/wp-content\/uploads\/2025\/05\/Detail-Pergola-Lamellen-90Grad-2-200x200.jpg 200w, https:\/\/kaderli.ch\/wp-content\/uploads\/2025\/05\/Detail-Pergola-Lamellen-90Grad-2-300x300.jpg 300w, https:\/\/kaderli.ch\/wp-content\/uploads\/2025\/05\/Detail-Pergola-Lamellen-90Grad-2-400x400.jpg 400w, https:\/\/kaderli.ch\/wp-content\/uploads\/2025\/05\/Detail-Pergola-Lamellen-90Grad-2-500x500.jpg 500w, https:\/\/kaderli.ch\/wp-content\/uploads\/2025\/05\/Detail-Pergola-Lamellen-90Grad-2-600x600.jpg 600w, https:\/\/kaderli.ch\/wp-content\/uploads\/2025\/05\/Detail-Pergola-Lamellen-90Grad-2-700x700.jpg 700w, https:\/\/kaderli.ch\/wp-content\/uploads\/2025\/05\/Detail-Pergola-Lamellen-90Grad-2-768x768.jpg 768w, https:\/\/kaderli.ch\/wp-content\/uploads\/2025\/05\/Detail-Pergola-Lamellen-90Grad-2-800x800.jpg 800w, https:\/\/kaderli.ch\/wp-content\/uploads\/2025\/05\/Detail-Pergola-Lamellen-90Grad-2-1024x1024.jpg 1024w, https:\/\/kaderli.ch\/wp-content\/uploads\/2025\/05\/Detail-Pergola-Lamellen-90Grad-2.jpg 1200w\" sizes=\"(max-width: 1200px) 100vw, 1200px\" \/><\/div><\/div><\/div><div class=\"swiper-slide\"><div class=\"fusion-carousel-item-wrapper\"><div class=\"fusion-image-wrapper hover-type-none\"><img decoding=\"async\" width=\"1200\" height=\"1200\" src=\"https:\/\/kaderli.ch\/wp-content\/uploads\/2025\/05\/Detail-Pergola-Kurbel.jpg\" class=\"attachment-full size-full\" alt=\"\" srcset=\"https:\/\/kaderli.ch\/wp-content\/uploads\/2025\/05\/Detail-Pergola-Kurbel-66x66.jpg 66w, https:\/\/kaderli.ch\/wp-content\/uploads\/2025\/05\/Detail-Pergola-Kurbel-150x150.jpg 150w, https:\/\/kaderli.ch\/wp-content\/uploads\/2025\/05\/Detail-Pergola-Kurbel-200x200.jpg 200w, https:\/\/kaderli.ch\/wp-content\/uploads\/2025\/05\/Detail-Pergola-Kurbel-300x300.jpg 300w, https:\/\/kaderli.ch\/wp-content\/uploads\/2025\/05\/Detail-Pergola-Kurbel-400x400.jpg 400w, https:\/\/kaderli.ch\/wp-content\/uploads\/2025\/05\/Detail-Pergola-Kurbel-500x500.jpg 500w, https:\/\/kaderli.ch\/wp-content\/uploads\/2025\/05\/Detail-Pergola-Kurbel-600x600.jpg 600w, https:\/\/kaderli.ch\/wp-content\/uploads\/2025\/05\/Detail-Pergola-Kurbel-700x700.jpg 700w, https:\/\/kaderli.ch\/wp-content\/uploads\/2025\/05\/Detail-Pergola-Kurbel-768x768.jpg 768w, https:\/\/kaderli.ch\/wp-content\/uploads\/2025\/05\/Detail-Pergola-Kurbel-800x800.jpg 800w, https:\/\/kaderli.ch\/wp-content\/uploads\/2025\/05\/Detail-Pergola-Kurbel-1024x1024.jpg 1024w, https:\/\/kaderli.ch\/wp-content\/uploads\/2025\/05\/Detail-Pergola-Kurbel.jpg 1200w\" sizes=\"(max-width: 1200px) 100vw, 1200px\" \/><\/div><\/div><\/div><div class=\"swiper-slide\"><div class=\"fusion-carousel-item-wrapper\"><div class=\"fusion-image-wrapper hover-type-none\"><img decoding=\"async\" width=\"1200\" height=\"1200\" src=\"https:\/\/kaderli.ch\/wp-content\/uploads\/2025\/05\/Detail-Pergola-Sonnenschutzrollo.jpg\" class=\"attachment-full size-full\" alt=\"\" srcset=\"https:\/\/kaderli.ch\/wp-content\/uploads\/2025\/05\/Detail-Pergola-Sonnenschutzrollo-66x66.jpg 66w, https:\/\/kaderli.ch\/wp-content\/uploads\/2025\/05\/Detail-Pergola-Sonnenschutzrollo-150x150.jpg 150w, https:\/\/kaderli.ch\/wp-content\/uploads\/2025\/05\/Detail-Pergola-Sonnenschutzrollo-200x200.jpg 200w, https:\/\/kaderli.ch\/wp-content\/uploads\/2025\/05\/Detail-Pergola-Sonnenschutzrollo-300x300.jpg 300w, https:\/\/kaderli.ch\/wp-content\/uploads\/2025\/05\/Detail-Pergola-Sonnenschutzrollo-400x400.jpg 400w, https:\/\/kaderli.ch\/wp-content\/uploads\/2025\/05\/Detail-Pergola-Sonnenschutzrollo-500x500.jpg 500w, https:\/\/kaderli.ch\/wp-content\/uploads\/2025\/05\/Detail-Pergola-Sonnenschutzrollo-600x600.jpg 600w, https:\/\/kaderli.ch\/wp-content\/uploads\/2025\/05\/Detail-Pergola-Sonnenschutzrollo-700x700.jpg 700w, https:\/\/kaderli.ch\/wp-content\/uploads\/2025\/05\/Detail-Pergola-Sonnenschutzrollo-768x768.jpg 768w, https:\/\/kaderli.ch\/wp-content\/uploads\/2025\/05\/Detail-Pergola-Sonnenschutzrollo-800x800.jpg 800w, https:\/\/kaderli.ch\/wp-content\/uploads\/2025\/05\/Detail-Pergola-Sonnenschutzrollo-1024x1024.jpg 1024w, https:\/\/kaderli.ch\/wp-content\/uploads\/2025\/05\/Detail-Pergola-Sonnenschutzrollo.jpg 1200w\" sizes=\"(max-width: 1200px) 100vw, 1200px\" \/><\/div><\/div><\/div><\/div><div class=\"awb-swiper-button awb-swiper-button-prev\"><i class=\"awb-icon-angle-left\" aria-hidden=\"true\"><\/i><\/div><div class=\"awb-swiper-button awb-swiper-button-next\"><i class=\"awb-icon-angle-right\" aria-hidden=\"true\"><\/i><\/div><\/div><\/div><\/div><\/div><div class=\"fusion-layout-column fusion_builder_column fusion-builder-column-9 fusion_builder_column_1_2 1_2 fusion-flex-column\" style=\"--awb-padding-top:15px;--awb-padding-left:15px;--awb-padding-top-small:60px;--awb-padding-left-small:0px;--awb-bg-size:cover;--awb-width-large:50%;--awb-margin-top-large:0px;--awb-spacing-right-large:3.84%;--awb-margin-bottom-large:0px;--awb-spacing-left-large:3.84%;--awb-width-medium:50%;--awb-order-medium:0;--awb-spacing-right-medium:3.84%;--awb-spacing-left-medium:3.84%;--awb-width-small:100%;--awb-order-small:0;--awb-spacing-right-small:1.92%;--awb-spacing-left-small:1.92%;\" data-scroll-devices=\"small-visibility,medium-visibility,large-visibility\"><div class=\"fusion-column-wrapper fusion-column-has-shadow fusion-flex-justify-content-flex-start fusion-content-layout-column\"><div class=\"fusion-text fusion-text-10 fusion-text-no-margin\" style=\"--awb-font-size:19px;--awb-text-transform:none;--awb-text-color:var(--awb-color5);--awb-margin-bottom:0px;\"><p>Une ombre de qualit\u00e9 sup\u00e9rieure.<\/p>\n<\/div><div class=\"fusion-separator\" style=\"align-self: flex-start;margin-right:auto;width:100%;max-width:282px;\"><div class=\"fusion-separator-border sep-single sep-dotted\" style=\"--awb-height:20px;--awb-amount:20px;--awb-sep-color:var(--awb-color4);border-color:var(--awb-color4);border-top-width:1px;\"><\/div><\/div><div class=\"fusion-title title fusion-title-4 fusion-sep-none fusion-title-text fusion-title-size-two\" style=\"--awb-margin-top:20px;--awb-margin-bottom:40px;--awb-margin-top-small:10px;--awb-margin-right-small:0px;--awb-margin-bottom-small:40px;--awb-margin-left-small:0px;\"><h2 class=\"fusion-title-heading title-heading-left fusion-responsive-typography-calculated\" style=\"margin:0;--fontSize:44;line-height:var(--awb-typography1-line-height);\">Pergola Biohort<\/h2><\/div><div class=\"fusion-builder-row fusion-builder-row-inner fusion-row fusion-flex-align-items-flex-start fusion-flex-content-wrap\" style=\"--awb-flex-grow:0;--awb-flex-grow-medium:0;--awb-flex-grow-small:0;--awb-flex-shrink:0;--awb-flex-shrink-medium:0;--awb-flex-shrink-small:0;width:104% !important;max-width:104% !important;margin-left: calc(-4% \/ 2 );margin-right: calc(-4% \/ 2 );\"><div class=\"fusion-layout-column fusion_builder_column_inner fusion-builder-nested-column-1 fusion_builder_column_inner_1_5 1_5 fusion-flex-column fusion-flex-align-self-flex-start\" style=\"--awb-bg-size:cover;--awb-width-large:20%;--awb-margin-top-large:0px;--awb-spacing-right-large:9.6%;--awb-margin-bottom-large:20px;--awb-spacing-left-large:9.6%;--awb-width-medium:25%;--awb-order-medium:0;--awb-spacing-right-medium:7.68%;--awb-spacing-left-medium:7.68%;--awb-width-small:100%;--awb-order-small:0;--awb-spacing-right-small:1.92%;--awb-margin-bottom-small:0px;--awb-spacing-left-small:1.92%;\"><div class=\"fusion-column-wrapper fusion-column-has-shadow fusion-flex-justify-content-flex-start fusion-content-layout-column\"><i class=\"fb-icon-element-2 fb-icon-element fontawesome-icon fa-sun fas circle-yes fusion-text-flow\" style=\"--awb-iconcolor:var(--awb-color6);--awb-circlecolor:var(--awb-color1);--awb-circlecolor-hover:var(--awb-color7);--awb-circlebordercolor:hsla(var(--awb-color2-h),var(--awb-color2-s),calc(var(--awb-color2-l) - 4%),var(--awb-color2-a));--awb-circlebordercolor-hover:hsla(var(--awb-color2-h),var(--awb-color2-s),calc(var(--awb-color2-l) - 4%),var(--awb-color2-a));--awb-circlebordersize:5px;--awb-font-size:30px;--awb-width:96px;--awb-height:96px;--awb-line-height:86px;--awb-margin-right:15px;\"><\/i><\/div><\/div><div class=\"fusion-layout-column fusion_builder_column_inner fusion-builder-nested-column-2 fusion_builder_column_inner_2_3 2_3 fusion-flex-column fusion-flex-align-self-flex-start\" style=\"--awb-padding-top:10px;--awb-padding-left:10px;--awb-padding-bottom-small:40px;--awb-bg-size:cover;--awb-width-large:66.666666666667%;--awb-margin-top-large:0px;--awb-spacing-right-large:0%;--awb-margin-bottom-large:0px;--awb-spacing-left-large:2.88%;--awb-width-medium:75%;--awb-order-medium:0;--awb-spacing-right-medium:0%;--awb-spacing-left-medium:2.56%;--awb-width-small:100%;--awb-order-small:0;--awb-spacing-right-small:1.92%;--awb-spacing-left-small:1.92%;\"><div class=\"fusion-column-wrapper fusion-column-has-shadow fusion-flex-justify-content-flex-start fusion-content-layout-column\"><div class=\"fusion-title title fusion-title-5 fusion-sep-none fusion-title-text fusion-title-size-five\" style=\"--awb-margin-bottom:10px;--awb-margin-top-small:10px;--awb-margin-right-small:0px;--awb-margin-bottom-small:10px;--awb-margin-left-small:0px;\"><h5 class=\"fusion-title-heading title-heading-left fusion-responsive-typography-calculated\" style=\"margin:0;text-transform:none;--fontSize:22;--minFontSize:22;line-height:1.3;\">Espace libre \u00e9largi<\/h5><\/div><div class=\"fusion-text fusion-text-11 fusion-text-no-margin\" style=\"--awb-margin-top:0px;--awb-margin-bottom:0px;\"><p>Am\u00e9nagez votre espace ext\u00e9rieur avec cette pergola polyvalente : un avantage pour toutes les saisons.<\/p>\n<\/div><\/div><\/div><\/div><div class=\"fusion-builder-row fusion-builder-row-inner fusion-row fusion-flex-align-items-flex-start fusion-flex-content-wrap\" style=\"--awb-flex-grow:0;--awb-flex-grow-medium:0;--awb-flex-grow-small:0;--awb-flex-shrink:0;--awb-flex-shrink-medium:0;--awb-flex-shrink-small:0;width:104% !important;max-width:104% !important;margin-left: calc(-4% \/ 2 );margin-right: calc(-4% \/ 2 );\"><div class=\"fusion-layout-column fusion_builder_column_inner fusion-builder-nested-column-3 fusion_builder_column_inner_1_5 1_5 fusion-flex-column fusion-flex-align-self-flex-start\" style=\"--awb-bg-size:cover;--awb-width-large:20%;--awb-margin-top-large:0px;--awb-spacing-right-large:9.6%;--awb-margin-bottom-large:20px;--awb-spacing-left-large:9.6%;--awb-width-medium:25%;--awb-order-medium:0;--awb-spacing-right-medium:7.68%;--awb-spacing-left-medium:7.68%;--awb-width-small:100%;--awb-order-small:0;--awb-spacing-right-small:1.92%;--awb-margin-bottom-small:0px;--awb-spacing-left-small:1.92%;\"><div class=\"fusion-column-wrapper fusion-column-has-shadow fusion-flex-justify-content-flex-start fusion-content-layout-column\"><i class=\"fb-icon-element-3 fb-icon-element fontawesome-icon fa-tint fas circle-yes fusion-text-flow\" style=\"--awb-iconcolor:var(--awb-color6);--awb-circlecolor:var(--awb-color1);--awb-circlecolor-hover:var(--awb-color7);--awb-circlebordercolor:hsla(var(--awb-color2-h),var(--awb-color2-s),calc(var(--awb-color2-l) - 4%),var(--awb-color2-a));--awb-circlebordercolor-hover:hsla(var(--awb-color2-h),var(--awb-color2-s),calc(var(--awb-color2-l) - 4%),var(--awb-color2-a));--awb-circlebordersize:5px;--awb-font-size:30px;--awb-width:96px;--awb-height:96px;--awb-line-height:86px;--awb-margin-right:15px;\"><\/i><\/div><\/div><div class=\"fusion-layout-column fusion_builder_column_inner fusion-builder-nested-column-4 fusion_builder_column_inner_2_3 2_3 fusion-flex-column fusion-flex-align-self-flex-start\" style=\"--awb-padding-top:10px;--awb-padding-left:10px;--awb-padding-bottom-small:40px;--awb-bg-size:cover;--awb-width-large:66.666666666667%;--awb-margin-top-large:0px;--awb-spacing-right-large:0%;--awb-margin-bottom-large:0px;--awb-spacing-left-large:2.88%;--awb-width-medium:75%;--awb-order-medium:0;--awb-spacing-right-medium:0%;--awb-spacing-left-medium:2.56%;--awb-width-small:100%;--awb-order-small:0;--awb-spacing-right-small:1.92%;--awb-spacing-left-small:1.92%;\"><div class=\"fusion-column-wrapper fusion-column-has-shadow fusion-flex-justify-content-flex-start fusion-content-layout-column\"><div class=\"fusion-title title fusion-title-6 fusion-sep-none fusion-title-text fusion-title-size-five\" style=\"--awb-margin-bottom:10px;--awb-margin-top-small:10px;--awb-margin-right-small:0px;--awb-margin-bottom-small:10px;--awb-margin-left-small:0px;\"><h5 class=\"fusion-title-heading title-heading-left fusion-responsive-typography-calculated\" style=\"margin:0;--fontSize:22;--minFontSize:22;line-height:1.3;\">Des d\u00e9tails bien pens\u00e9s<\/h5><\/div><div class=\"fusion-text fusion-text-12 fusion-text-no-margin\" style=\"--awb-margin-top:0px;--awb-margin-bottom:0px;\"><p>De la collecte des eaux us\u00e9es au remplacement de certains \u00e9l\u00e9ments, en passant par les options polyvalentes.<\/p>\n<\/div><\/div><\/div><\/div><div class=\"fusion-builder-row fusion-builder-row-inner fusion-row fusion-flex-align-items-flex-start fusion-flex-content-wrap\" style=\"--awb-flex-grow:0;--awb-flex-grow-medium:0;--awb-flex-grow-small:0;--awb-flex-shrink:0;--awb-flex-shrink-medium:0;--awb-flex-shrink-small:0;width:104% !important;max-width:104% !important;margin-left: calc(-4% \/ 2 );margin-right: calc(-4% \/ 2 );\"><div class=\"fusion-layout-column fusion_builder_column_inner fusion-builder-nested-column-5 fusion_builder_column_inner_1_5 1_5 fusion-flex-column fusion-flex-align-self-flex-start\" style=\"--awb-bg-size:cover;--awb-width-large:20%;--awb-margin-top-large:0px;--awb-spacing-right-large:9.6%;--awb-margin-bottom-large:20px;--awb-spacing-left-large:9.6%;--awb-width-medium:25%;--awb-order-medium:0;--awb-spacing-right-medium:7.68%;--awb-spacing-left-medium:7.68%;--awb-width-small:100%;--awb-order-small:0;--awb-spacing-right-small:1.92%;--awb-margin-bottom-small:0px;--awb-spacing-left-small:1.92%;\"><div class=\"fusion-column-wrapper fusion-column-has-shadow fusion-flex-justify-content-flex-start fusion-content-layout-column\"><i class=\"fb-icon-element-4 fb-icon-element fontawesome-icon fa-align-justify fas circle-yes fusion-text-flow\" style=\"--awb-iconcolor:var(--awb-color6);--awb-circlecolor:var(--awb-color1);--awb-circlecolor-hover:var(--awb-color7);--awb-circlebordercolor:hsla(var(--awb-color2-h),var(--awb-color2-s),calc(var(--awb-color2-l) - 4%),var(--awb-color2-a));--awb-circlebordercolor-hover:hsla(var(--awb-color2-h),var(--awb-color2-s),calc(var(--awb-color2-l) - 4%),var(--awb-color2-a));--awb-circlebordersize:5px;--awb-font-size:32px;--awb-width:96px;--awb-height:96px;--awb-line-height:86px;--awb-margin-right:16px;\"><\/i><\/div><\/div><div class=\"fusion-layout-column fusion_builder_column_inner fusion-builder-nested-column-6 fusion_builder_column_inner_2_3 2_3 fusion-flex-column fusion-flex-align-self-flex-start\" style=\"--awb-padding-top:10px;--awb-padding-left:10px;--awb-padding-bottom-small:40px;--awb-bg-size:cover;--awb-width-large:66.666666666667%;--awb-margin-top-large:0px;--awb-spacing-right-large:0%;--awb-margin-bottom-large:0px;--awb-spacing-left-large:2.88%;--awb-width-medium:75%;--awb-order-medium:0;--awb-spacing-right-medium:0%;--awb-spacing-left-medium:2.56%;--awb-width-small:100%;--awb-order-small:0;--awb-spacing-right-small:1.92%;--awb-spacing-left-small:1.92%;\"><div class=\"fusion-column-wrapper fusion-column-has-shadow fusion-flex-justify-content-flex-start fusion-content-layout-column\"><div class=\"fusion-title title fusion-title-7 fusion-sep-none fusion-title-text fusion-title-size-five\" style=\"--awb-margin-bottom:10px;--awb-margin-top-small:10px;--awb-margin-right-small:0px;--awb-margin-bottom-small:10px;--awb-margin-left-small:0px;\"><h5 class=\"fusion-title-heading title-heading-left fusion-responsive-typography-calculated\" style=\"margin:0;text-transform:none;--fontSize:22;--minFontSize:22;line-height:1.3;\">Lamelles r\u00e9glables<\/h5><\/div><div class=\"fusion-text fusion-text-13 fusion-text-no-margin\" style=\"--awb-margin-top:0px;--awb-margin-bottom:0px;\"><p>Les lamelles robustes, r\u00e9glables \u00e9lectriquement ou manuellement, bloquent efficacement la chaleur et laissent passer les rayons de soleil bienfaisants si vous le souhaitez.<\/p>\n<\/div><\/div><\/div><\/div><div class=\"fusion-builder-row fusion-builder-row-inner fusion-row fusion-flex-align-items-flex-start fusion-flex-content-wrap\" style=\"--awb-flex-grow:0;--awb-flex-grow-medium:0;--awb-flex-grow-small:0;--awb-flex-shrink:0;--awb-flex-shrink-medium:0;--awb-flex-shrink-small:0;width:104% !important;max-width:104% !important;margin-left: calc(-4% \/ 2 );margin-right: calc(-4% \/ 2 );\"><div class=\"fusion-layout-column fusion_builder_column_inner fusion-builder-nested-column-7 fusion_builder_column_inner_1_5 1_5 fusion-flex-column fusion-flex-align-self-flex-start\" style=\"--awb-bg-size:cover;--awb-width-large:20%;--awb-margin-top-large:0px;--awb-spacing-right-large:9.6%;--awb-margin-bottom-large:20px;--awb-spacing-left-large:9.6%;--awb-width-medium:25%;--awb-order-medium:0;--awb-spacing-right-medium:7.68%;--awb-spacing-left-medium:7.68%;--awb-width-small:100%;--awb-order-small:0;--awb-spacing-right-small:1.92%;--awb-margin-bottom-small:0px;--awb-spacing-left-small:1.92%;\"><div class=\"fusion-column-wrapper fusion-column-has-shadow fusion-flex-justify-content-flex-start fusion-content-layout-column\"><i class=\"fb-icon-element-5 fb-icon-element fontawesome-icon fa-lightbulb far circle-yes fusion-text-flow\" style=\"--awb-iconcolor:var(--awb-color6);--awb-circlecolor:var(--awb-color1);--awb-circlecolor-hover:var(--awb-color7);--awb-circlebordercolor:hsla(var(--awb-color2-h),var(--awb-color2-s),calc(var(--awb-color2-l) - 4%),var(--awb-color2-a));--awb-circlebordercolor-hover:hsla(var(--awb-color2-h),var(--awb-color2-s),calc(var(--awb-color2-l) - 4%),var(--awb-color2-a));--awb-circlebordersize:5px;--awb-font-size:32px;--awb-width:96px;--awb-height:96px;--awb-line-height:86px;--awb-margin-right:16px;\"><\/i><\/div><\/div><div class=\"fusion-layout-column fusion_builder_column_inner fusion-builder-nested-column-8 fusion_builder_column_inner_2_3 2_3 fusion-flex-column fusion-flex-align-self-flex-start\" style=\"--awb-padding-top:10px;--awb-padding-left:10px;--awb-padding-bottom-small:40px;--awb-bg-size:cover;--awb-width-large:66.666666666667%;--awb-margin-top-large:0px;--awb-spacing-right-large:0%;--awb-margin-bottom-large:0px;--awb-spacing-left-large:2.88%;--awb-width-medium:75%;--awb-order-medium:0;--awb-spacing-right-medium:0%;--awb-spacing-left-medium:2.56%;--awb-width-small:100%;--awb-order-small:0;--awb-spacing-right-small:1.92%;--awb-spacing-left-small:1.92%;\"><div class=\"fusion-column-wrapper fusion-column-has-shadow fusion-flex-justify-content-flex-start fusion-content-layout-column\"><div class=\"fusion-title title fusion-title-8 fusion-sep-none fusion-title-text fusion-title-size-five\" style=\"--awb-margin-bottom:10px;--awb-margin-top-small:10px;--awb-margin-right-small:0px;--awb-margin-bottom-small:10px;--awb-margin-left-small:0px;\"><h5 class=\"fusion-title-heading title-heading-left fusion-responsive-typography-calculated\" style=\"margin:0;text-transform:none;--fontSize:22;--minFontSize:22;line-height:1.3;\">Compl\u00e9ments pour stores ou lumi\u00e8re<\/h5><\/div><div class=\"fusion-text fusion-text-14 fusion-text-no-margin\" style=\"--awb-margin-top:0px;--awb-margin-bottom:0px;\"><p>Un ensemble d&rsquo;options adapt\u00e9es \u00e0 votre pergola personnelle : bandes lumineuses, stores ou lamelles lat\u00e9rales.<\/p>\n<\/div><\/div><\/div><\/div><div class=\"fusion-builder-row fusion-builder-row-inner fusion-row fusion-flex-align-items-flex-start fusion-flex-content-wrap\" style=\"--awb-flex-grow:0;--awb-flex-grow-medium:0;--awb-flex-grow-small:0;--awb-flex-shrink:0;--awb-flex-shrink-medium:0;--awb-flex-shrink-small:0;width:104% !important;max-width:104% !important;margin-left: calc(-4% \/ 2 );margin-right: calc(-4% \/ 2 );\"><div class=\"fusion-layout-column fusion_builder_column_inner fusion-builder-nested-column-9 fusion_builder_column_inner_1_5 1_5 fusion-flex-column fusion-flex-align-self-flex-start\" style=\"--awb-bg-size:cover;--awb-width-large:20%;--awb-margin-top-large:0px;--awb-spacing-right-large:9.6%;--awb-margin-bottom-large:20px;--awb-spacing-left-large:9.6%;--awb-width-medium:25%;--awb-order-medium:0;--awb-spacing-right-medium:7.68%;--awb-margin-bottom-medium:0px;--awb-spacing-left-medium:7.68%;--awb-width-small:100%;--awb-order-small:0;--awb-spacing-right-small:1.92%;--awb-spacing-left-small:1.92%;\"><div class=\"fusion-column-wrapper fusion-column-has-shadow fusion-flex-justify-content-flex-start fusion-content-layout-column\"><i class=\"fb-icon-element-6 fb-icon-element fontawesome-icon fa-sketch fab circle-yes fusion-text-flow\" style=\"--awb-iconcolor:var(--awb-color6);--awb-circlecolor:var(--awb-color1);--awb-circlecolor-hover:var(--awb-color7);--awb-circlebordercolor:hsla(var(--awb-color2-h),var(--awb-color2-s),calc(var(--awb-color2-l) - 4%),var(--awb-color2-a));--awb-circlebordercolor-hover:hsla(var(--awb-color2-h),var(--awb-color2-s),calc(var(--awb-color2-l) - 4%),var(--awb-color2-a));--awb-circlebordersize:5px;--awb-font-size:34px;--awb-width:96px;--awb-height:96px;--awb-line-height:86px;--awb-margin-right:17px;\"><\/i><\/div><\/div><div class=\"fusion-layout-column fusion_builder_column_inner fusion-builder-nested-column-10 fusion_builder_column_inner_2_3 2_3 fusion-flex-column fusion-flex-align-self-flex-start\" style=\"--awb-padding-top:10px;--awb-padding-left:10px;--awb-bg-size:cover;--awb-width-large:66.666666666667%;--awb-margin-top-large:0px;--awb-spacing-right-large:0%;--awb-margin-bottom-large:0px;--awb-spacing-left-large:2.88%;--awb-width-medium:75%;--awb-order-medium:0;--awb-spacing-right-medium:0%;--awb-spacing-left-medium:2.56%;--awb-width-small:100%;--awb-order-small:0;--awb-spacing-right-small:1.92%;--awb-spacing-left-small:1.92%;\"><div class=\"fusion-column-wrapper fusion-column-has-shadow fusion-flex-justify-content-flex-start fusion-content-layout-column\"><div class=\"fusion-title title fusion-title-9 fusion-sep-none fusion-title-text fusion-title-size-five\" style=\"--awb-margin-bottom:10px;--awb-margin-top-small:10px;--awb-margin-right-small:0px;--awb-margin-bottom-small:10px;--awb-margin-left-small:0px;\"><h5 class=\"fusion-title-heading title-heading-left fusion-responsive-typography-calculated\" style=\"margin:0;--fontSize:22;--minFontSize:22;line-height:1.3;\">Un aspect noble<\/h5><\/div><div class=\"fusion-text fusion-text-15 fusion-text-no-margin\" style=\"--awb-margin-top:0px;--awb-margin-bottom:0px;\"><p>Des lignes claires, des mat\u00e9riaux de qualit\u00e9 et une finition pr\u00e9cise en font un lieu de retraite \u00e9l\u00e9gant en plein air.<\/p>\n<\/div><\/div><\/div><\/div><\/div><\/div><\/div><\/div><div class=\"fusion-fullwidth fullwidth-box fusion-builder-row-5 fusion-flex-container has-pattern-background has-mask-background nonhundred-percent-fullwidth non-hundred-percent-height-scrolling\" style=\"--awb-border-radius-top-left:0px;--awb-border-radius-top-right:0px;--awb-border-radius-bottom-right:0px;--awb-border-radius-bottom-left:0px;--awb-background-color:hsla(var(--awb-color6-h),var(--awb-color6-s),calc(var(--awb-color6-l) + 10%),var(--awb-color6-a));--awb-flex-wrap:wrap;\" ><div class=\"awb-background-pattern\" style=\"background-image:  url(data:image\/svg+xml;utf8,%3Csvg%20width%3D%2260%22%20height%3D%2260%22%20fill%3D%22none%22%20xmlns%3D%22http%3A%2F%2Fwww.w3.org%2F2000%2Fsvg%22%3E%3Cpath%20d%3D%22M6%204a2%202%200%2011-4%200%202%202%200%20014%200%22%20fill%3D%22rgba%28156%2C194%2C213%2C1%29%22%2F%3E%3C%2Fsvg%3E);opacity: 0.2 ;mix-blend-mode:normal;\"><\/div><div class=\"fusion-builder-row fusion-row fusion-flex-align-items-flex-start fusion-flex-content-wrap\" style=\"max-width:1248px;margin-left: calc(-4% \/ 2 );margin-right: calc(-4% \/ 2 );\"><div class=\"fusion-layout-column fusion_builder_column fusion-builder-column-10 fusion_builder_column_1_1 1_1 fusion-flex-column\" style=\"--awb-padding-top:80px;--awb-padding-right:10%;--awb-padding-bottom:120px;--awb-padding-left:10%;--awb-bg-size:cover;--awb-width-large:100%;--awb-margin-top-large:0px;--awb-spacing-right-large:1.92%;--awb-margin-bottom-large:0px;--awb-spacing-left-large:1.92%;--awb-width-medium:100%;--awb-order-medium:0;--awb-spacing-right-medium:1.92%;--awb-spacing-left-medium:1.92%;--awb-width-small:100%;--awb-order-small:0;--awb-spacing-right-small:1.92%;--awb-spacing-left-small:1.92%;\" data-scroll-devices=\"small-visibility,medium-visibility,large-visibility\"><div class=\"fusion-column-wrapper fusion-column-has-shadow fusion-flex-justify-content-flex-start fusion-content-layout-column\"><a class=\"fb-icon-element-7 fb-icon-element fontawesome-icon awb-business-play-solid circle-yes fusion-link lightbox-link\" style=\"--awb-iconcolor-hover:var(--awb-color5);--awb-circlecolor:hsla(var(--awb-color1-h),var(--awb-color1-s),var(--awb-color1-l),calc(var(--awb-color1-a) - 100%));--awb-circlecolor-hover:hsla(var(--awb-color1-h),var(--awb-color1-s),var(--awb-color1-l),calc(var(--awb-color1-a) - 100%));--awb-circlebordercolor:var(--awb-color1);--awb-circlebordercolor-hover:var(--awb-color1);--awb-circlebordersize:0px;--awb-font-size:79.2px;--awb-width:158.4px;--awb-height:158.4px;--awb-line-height:158.4px;--awb-align-self:center;--awb-margin-top:0px;--awb-margin-right:0px;--awb-margin-bottom:20px;--awb-margin-left:0px;\" href=\"https:\/\/youtu.be\/Qk5bt5x2_y4\" target=\"_self\" aria-label=\"Link to https:\/\/youtu.be\/Qk5bt5x2_y4\"><\/a><div class=\"fusion-separator\" style=\"align-self: center;margin-left: auto;margin-right: auto;width:100%;max-width:282px;\"><div class=\"fusion-separator-border sep-single sep-dotted\" style=\"--awb-height:20px;--awb-amount:20px;--awb-sep-color:var(--awb-color4);border-color:var(--awb-color4);border-top-width:1px;\"><\/div><\/div><div class=\"fusion-text fusion-text-16 fusion-text-no-margin\" style=\"--awb-content-alignment:center;--awb-font-size:19px;--awb-text-transform:none;--awb-text-color:var(--awb-color3);--awb-margin-bottom:0px;\"><p>Biohort Pergola made in Austria<\/p>\n<\/div><div class=\"fusion-title title fusion-title-10 fusion-sep-none fusion-title-center fusion-title-text fusion-title-size-two\" style=\"--awb-text-color:var(--awb-color1);--awb-margin-top:20px;--awb-margin-top-small:10px;--awb-margin-right-small:0px;--awb-margin-bottom-small:10px;--awb-margin-left-small:0px;\"><h2 class=\"fusion-title-heading title-heading-center fusion-responsive-typography-calculated\" style=\"margin:0;text-transform:none;--fontSize:44;line-height:var(--awb-typography1-line-height);\">Offre de l&rsquo;ombre et donne un espace parfait \u00e0 la prochaine f\u00eate entre amis.<\/h2><\/div><\/div><\/div><\/div><\/div><div class=\"fusion-fullwidth fullwidth-box fusion-builder-row-6 fusion-flex-container has-pattern-background has-mask-background nonhundred-percent-fullwidth non-hundred-percent-height-scrolling\" style=\"--awb-border-radius-top-left:0px;--awb-border-radius-top-right:0px;--awb-border-radius-bottom-right:0px;--awb-border-radius-bottom-left:0px;--awb-margin-top:-50px;--awb-flex-wrap:wrap;\" ><div class=\"fusion-builder-row fusion-row fusion-flex-align-items-flex-start fusion-flex-content-wrap\" style=\"max-width:1248px;margin-left: calc(-4% \/ 2 );margin-right: calc(-4% \/ 2 );\"><div class=\"fusion-layout-column fusion_builder_column fusion-builder-column-11 fusion_builder_column_1_3 1_3 fusion-flex-column\" style=\"--awb-overflow:hidden;--awb-bg-color:var(--awb-color2);--awb-bg-color-hover:var(--awb-color2);--awb-bg-size:cover;--awb-border-color:hsla(var(--awb-color4-h),var(--awb-color4-s),var(--awb-color4-l),calc(var(--awb-color4-a) - 50%));--awb-border-style:solid;--awb-border-radius:10px 10px 10px 10px;--awb-transform:translateY(0px);--awb-transform-hover:translateY(10px);--awb-width-large:33.333333333333%;--awb-margin-top-large:0px;--awb-spacing-right-large:5.76%;--awb-margin-bottom-large:0px;--awb-spacing-left-large:5.76%;--awb-width-medium:33.333333333333%;--awb-order-medium:0;--awb-spacing-right-medium:5.76%;--awb-spacing-left-medium:5.76%;--awb-width-small:100%;--awb-order-small:0;--awb-spacing-right-small:1.92%;--awb-margin-bottom-small:60px;--awb-spacing-left-small:1.92%;\"><div class=\"fusion-column-wrapper fusion-column-has-shadow fusion-flex-justify-content-flex-start fusion-content-layout-column\"><div class=\"fusion-builder-row fusion-builder-row-inner fusion-row fusion-flex-align-items-flex-start fusion-flex-content-wrap\" style=\"--awb-flex-grow:0;--awb-flex-grow-medium:0;--awb-flex-grow-small:0;--awb-flex-shrink:0;--awb-flex-shrink-medium:0;--awb-flex-shrink-small:0;width:104% !important;max-width:104% !important;margin-left: calc(-4% \/ 2 );margin-right: calc(-4% \/ 2 );\"><div class=\"fusion-layout-column fusion_builder_column_inner fusion-builder-nested-column-11 fusion_builder_column_inner_1_1 1_1 fusion-flex-column\" style=\"--awb-bg-size:cover;--awb-width-large:100%;--awb-margin-top-large:0px;--awb-spacing-right-large:1.92%;--awb-margin-bottom-large:0px;--awb-spacing-left-large:1.92%;--awb-width-medium:100%;--awb-order-medium:0;--awb-spacing-right-medium:1.92%;--awb-spacing-left-medium:1.92%;--awb-width-small:100%;--awb-order-small:0;--awb-spacing-right-small:1.92%;--awb-spacing-left-small:1.92%;\"><div class=\"fusion-column-wrapper fusion-column-has-shadow fusion-flex-justify-content-flex-start fusion-content-layout-column\"><div class=\"fusion-image-element \" style=\"--awb-aspect-ratio: 100 \/ 70;--awb-caption-title-font-family:var(--h2_typography-font-family);--awb-caption-title-font-weight:var(--h2_typography-font-weight);--awb-caption-title-font-style:var(--h2_typography-font-style);--awb-caption-title-size:var(--h2_typography-font-size);--awb-caption-title-transform:var(--h2_typography-text-transform);--awb-caption-title-line-height:var(--h2_typography-line-height);--awb-caption-title-letter-spacing:var(--h2_typography-letter-spacing);\"><span class=\" fusion-imageframe imageframe-none imageframe-3 hover-type-none has-aspect-ratio\"><img decoding=\"async\" width=\"1200\" height=\"900\" title=\"Jetschwil-Muster-Pergola\" src=\"https:\/\/kaderli.ch\/wp-content\/uploads\/2025\/05\/Jetschwil-Muster-Pergola.jpg\" class=\"img-responsive wp-image-7623 img-with-aspect-ratio\" data-parent-fit=\"cover\" data-parent-container=\".fusion-image-element\" alt srcset=\"https:\/\/kaderli.ch\/wp-content\/uploads\/2025\/05\/Jetschwil-Muster-Pergola-200x150.jpg 200w, https:\/\/kaderli.ch\/wp-content\/uploads\/2025\/05\/Jetschwil-Muster-Pergola-400x300.jpg 400w, https:\/\/kaderli.ch\/wp-content\/uploads\/2025\/05\/Jetschwil-Muster-Pergola-600x450.jpg 600w, https:\/\/kaderli.ch\/wp-content\/uploads\/2025\/05\/Jetschwil-Muster-Pergola-800x600.jpg 800w, https:\/\/kaderli.ch\/wp-content\/uploads\/2025\/05\/Jetschwil-Muster-Pergola.jpg 1200w\" sizes=\"(max-width: 640px) 100vw, 1200px\" \/><\/span><\/div><\/div><\/div><\/div><div class=\"fusion-title title fusion-title-11 fusion-sep-none fusion-title-text fusion-title-size-three\" style=\"--awb-margin-top:30px;--awb-margin-right:30px;--awb-margin-bottom:10px;--awb-margin-left:30px;--awb-margin-top-small:10px;--awb-margin-right-small:0px;--awb-margin-bottom-small:10px;--awb-margin-left-small:0px;\"><h3 class=\"fusion-title-heading title-heading-left fusion-responsive-typography-calculated\" style=\"margin:0;--fontSize:36;line-height:1.3;\">Journ\u00e9es portes ouvertes 2025<\/h3><\/div><div class=\"fusion-text fusion-text-17 fusion-text-no-margin\" style=\"--awb-margin-top:10px;--awb-margin-right:30px;--awb-margin-bottom:30px;--awb-margin-left:30px;\"><ul>\n<li>Vendredi &#8211; 2 mai &#8211; 16h-20h<\/li>\n<li>Samedi &#8211; 24 mai &#8211; 10-16 heures<\/li>\n<li>Vendredi &#8211; 13 juin &#8211; 16h-20h<\/li>\n<li>Samedi &#8211; 28 juin &#8211; 10-16 heures<\/li>\n<\/ul>\n<p>Pas de r\u00e9servation n\u00e9cessaire &#8211; venez spontan\u00e9ment.<\/p>\n<\/div><\/div><\/div><div class=\"fusion-layout-column fusion_builder_column fusion-builder-column-12 fusion_builder_column_1_3 1_3 fusion-flex-column\" style=\"--awb-overflow:hidden;--awb-bg-color:var(--awb-color2);--awb-bg-color-hover:var(--awb-color2);--awb-bg-size:cover;--awb-border-color:hsla(var(--awb-color4-h),var(--awb-color4-s),var(--awb-color4-l),calc(var(--awb-color4-a) - 50%));--awb-border-style:solid;--awb-border-radius:10px 10px 10px 10px;--awb-transform:translateY(0px);--awb-transform-hover:translateY(10px);--awb-width-large:33.333333333333%;--awb-margin-top-large:0px;--awb-spacing-right-large:5.76%;--awb-margin-bottom-large:0px;--awb-spacing-left-large:5.76%;--awb-width-medium:33.333333333333%;--awb-order-medium:0;--awb-spacing-right-medium:5.76%;--awb-spacing-left-medium:5.76%;--awb-width-small:100%;--awb-order-small:0;--awb-spacing-right-small:1.92%;--awb-margin-bottom-small:60px;--awb-spacing-left-small:1.92%;\"><div class=\"fusion-column-wrapper fusion-column-has-shadow fusion-flex-justify-content-flex-start fusion-content-layout-column\"><div class=\"fusion-builder-row fusion-builder-row-inner fusion-row fusion-flex-align-items-flex-start fusion-flex-content-wrap\" style=\"--awb-flex-grow:0;--awb-flex-grow-medium:0;--awb-flex-grow-small:0;--awb-flex-shrink:0;--awb-flex-shrink-medium:0;--awb-flex-shrink-small:0;width:104% !important;max-width:104% !important;margin-left: calc(-4% \/ 2 );margin-right: calc(-4% \/ 2 );\"><div class=\"fusion-layout-column fusion_builder_column_inner fusion-builder-nested-column-12 fusion_builder_column_inner_1_1 1_1 fusion-flex-column\" style=\"--awb-bg-size:cover;--awb-width-large:100%;--awb-margin-top-large:0px;--awb-spacing-right-large:1.92%;--awb-margin-bottom-large:0px;--awb-spacing-left-large:1.92%;--awb-width-medium:100%;--awb-order-medium:0;--awb-spacing-right-medium:1.92%;--awb-spacing-left-medium:1.92%;--awb-width-small:100%;--awb-order-small:0;--awb-spacing-right-small:1.92%;--awb-spacing-left-small:1.92%;\"><div class=\"fusion-column-wrapper fusion-column-has-shadow fusion-flex-justify-content-flex-start fusion-content-layout-column\"><div class=\"fusion-image-element \" style=\"--awb-aspect-ratio: 100 \/ 70;--awb-caption-title-font-family:var(--h2_typography-font-family);--awb-caption-title-font-weight:var(--h2_typography-font-weight);--awb-caption-title-font-style:var(--h2_typography-font-style);--awb-caption-title-size:var(--h2_typography-font-size);--awb-caption-title-transform:var(--h2_typography-text-transform);--awb-caption-title-line-height:var(--h2_typography-line-height);--awb-caption-title-letter-spacing:var(--h2_typography-letter-spacing);\"><span class=\" fusion-imageframe imageframe-none imageframe-4 hover-type-none has-aspect-ratio\"><img decoding=\"async\" width=\"1200\" height=\"674\" title=\"Pergola 2025-3-web\" src=\"https:\/\/kaderli.ch\/wp-content\/uploads\/2025\/05\/Pergola-2025-3-web.jpg\" class=\"img-responsive wp-image-7625 img-with-aspect-ratio\" data-parent-fit=\"cover\" data-parent-container=\".fusion-image-element\" alt srcset=\"https:\/\/kaderli.ch\/wp-content\/uploads\/2025\/05\/Pergola-2025-3-web-200x112.jpg 200w, https:\/\/kaderli.ch\/wp-content\/uploads\/2025\/05\/Pergola-2025-3-web-400x225.jpg 400w, https:\/\/kaderli.ch\/wp-content\/uploads\/2025\/05\/Pergola-2025-3-web-600x337.jpg 600w, https:\/\/kaderli.ch\/wp-content\/uploads\/2025\/05\/Pergola-2025-3-web-800x449.jpg 800w, https:\/\/kaderli.ch\/wp-content\/uploads\/2025\/05\/Pergola-2025-3-web.jpg 1200w\" sizes=\"(max-width: 640px) 100vw, 1200px\" \/><\/span><\/div><\/div><\/div><\/div><div class=\"fusion-title title fusion-title-12 fusion-sep-none fusion-title-text fusion-title-size-three\" style=\"--awb-margin-top:30px;--awb-margin-right:30px;--awb-margin-bottom:10px;--awb-margin-left:30px;--awb-margin-top-small:10px;--awb-margin-right-small:0px;--awb-margin-bottom-small:10px;--awb-margin-left-small:0px;\"><h3 class=\"fusion-title-heading title-heading-left fusion-responsive-typography-calculated\" style=\"margin:0;--fontSize:36;line-height:1.3;\">Personnalis\u00e9 pour vous<\/h3><\/div><div class=\"fusion-text fusion-text-18 fusion-text-no-margin\" style=\"--awb-margin-top:10px;--awb-margin-right:30px;--awb-margin-bottom:30px;--awb-margin-left:30px;\"><p>La pergola Biohort est actuellement disponible en quatre couleurs et combinaisons de couleurs. Six tailles diff\u00e9rentes, de 3 x 3 \u00e0 4,5 x 3 m\u00e8tres, offrent une flexibilit\u00e9 maximale dans le choix de la pergola parfaite pour votre jardin.<\/p>\n<\/div><\/div><\/div><div class=\"fusion-layout-column fusion_builder_column fusion-builder-column-13 fusion_builder_column_1_3 1_3 fusion-flex-column\" style=\"--awb-overflow:hidden;--awb-bg-color:var(--awb-color2);--awb-bg-color-hover:var(--awb-color2);--awb-bg-size:cover;--awb-border-color:hsla(var(--awb-color4-h),var(--awb-color4-s),var(--awb-color4-l),calc(var(--awb-color4-a) - 50%));--awb-border-style:solid;--awb-border-radius:10px 10px 10px 10px;--awb-transform:translateY(0px);--awb-transform-hover:translateY(10px);--awb-width-large:33.333333333333%;--awb-margin-top-large:0px;--awb-spacing-right-large:5.76%;--awb-margin-bottom-large:0px;--awb-spacing-left-large:5.76%;--awb-width-medium:33.333333333333%;--awb-order-medium:0;--awb-spacing-right-medium:5.76%;--awb-spacing-left-medium:5.76%;--awb-width-small:100%;--awb-order-small:0;--awb-spacing-right-small:1.92%;--awb-spacing-left-small:1.92%;\"><div class=\"fusion-column-wrapper fusion-column-has-shadow fusion-flex-justify-content-flex-start fusion-content-layout-column\"><div class=\"fusion-builder-row fusion-builder-row-inner fusion-row fusion-flex-align-items-flex-start fusion-flex-content-wrap\" style=\"--awb-flex-grow:0;--awb-flex-grow-medium:0;--awb-flex-grow-small:0;--awb-flex-shrink:0;--awb-flex-shrink-medium:0;--awb-flex-shrink-small:0;width:104% !important;max-width:104% !important;margin-left: calc(-4% \/ 2 );margin-right: calc(-4% \/ 2 );\"><div class=\"fusion-layout-column fusion_builder_column_inner fusion-builder-nested-column-13 fusion_builder_column_inner_1_1 1_1 fusion-flex-column\" style=\"--awb-bg-size:cover;--awb-width-large:100%;--awb-margin-top-large:0px;--awb-spacing-right-large:1.92%;--awb-margin-bottom-large:0px;--awb-spacing-left-large:1.92%;--awb-width-medium:100%;--awb-order-medium:0;--awb-spacing-right-medium:1.92%;--awb-spacing-left-medium:1.92%;--awb-width-small:100%;--awb-order-small:0;--awb-spacing-right-small:1.92%;--awb-spacing-left-small:1.92%;\"><div class=\"fusion-column-wrapper fusion-column-has-shadow fusion-flex-justify-content-flex-start fusion-content-layout-column\"><div class=\"fusion-image-element \" style=\"--awb-aspect-ratio: 100 \/ 70;--awb-caption-title-font-family:var(--h2_typography-font-family);--awb-caption-title-font-weight:var(--h2_typography-font-weight);--awb-caption-title-font-style:var(--h2_typography-font-style);--awb-caption-title-size:var(--h2_typography-font-size);--awb-caption-title-transform:var(--h2_typography-text-transform);--awb-caption-title-line-height:var(--h2_typography-line-height);--awb-caption-title-letter-spacing:var(--h2_typography-letter-spacing);\"><span class=\" fusion-imageframe imageframe-none imageframe-5 hover-type-none has-aspect-ratio\"><img decoding=\"async\" width=\"1200\" height=\"900\" title=\"Pergola 2025-4-web\" src=\"https:\/\/kaderli.ch\/wp-content\/uploads\/2025\/05\/Pergola-2025-4-web.jpg\" class=\"img-responsive wp-image-7627 img-with-aspect-ratio\" data-parent-fit=\"cover\" data-parent-container=\".fusion-image-element\" alt srcset=\"https:\/\/kaderli.ch\/wp-content\/uploads\/2025\/05\/Pergola-2025-4-web-200x150.jpg 200w, https:\/\/kaderli.ch\/wp-content\/uploads\/2025\/05\/Pergola-2025-4-web-400x300.jpg 400w, https:\/\/kaderli.ch\/wp-content\/uploads\/2025\/05\/Pergola-2025-4-web-600x450.jpg 600w, https:\/\/kaderli.ch\/wp-content\/uploads\/2025\/05\/Pergola-2025-4-web-800x600.jpg 800w, https:\/\/kaderli.ch\/wp-content\/uploads\/2025\/05\/Pergola-2025-4-web.jpg 1200w\" sizes=\"(max-width: 640px) 100vw, 1200px\" \/><\/span><\/div><\/div><\/div><\/div><div class=\"fusion-title title fusion-title-13 fusion-sep-none fusion-title-text fusion-title-size-three\" style=\"--awb-margin-top:30px;--awb-margin-right:30px;--awb-margin-bottom:10px;--awb-margin-left:30px;--awb-margin-top-small:10px;--awb-margin-right-small:0px;--awb-margin-bottom-small:10px;--awb-margin-left-small:0px;\"><h3 class=\"fusion-title-heading title-heading-left fusion-responsive-typography-calculated\" style=\"margin:0;--fontSize:36;line-height:1.3;\">Inspiration<\/h3><\/div><div class=\"fusion-text fusion-text-19 fusion-text-no-margin\" style=\"--awb-margin-top:10px;--awb-margin-right:30px;--awb-margin-bottom:30px;--awb-margin-left:30px;\"><p>Une s\u00e9lection d&rsquo;accessoires Biohort de haute qualit\u00e9, allant de l&rsquo;entra\u00eenement \u00e9lectrique pour les lamelles du toit jusqu&rsquo;\u00e0 l&rsquo;\u00e9clairage LED, permet de r\u00e9aliser le r\u00eave de la pergola parfaite pour le jardin.<\/p>\n<\/div><\/div><\/div><\/div><\/div><div class=\"fusion-fullwidth fullwidth-box fusion-builder-row-7 fusion-flex-container has-pattern-background has-mask-background nonhundred-percent-fullwidth non-hundred-percent-height-scrolling\" style=\"--awb-border-radius-top-left:0px;--awb-border-radius-top-right:0px;--awb-border-radius-bottom-right:0px;--awb-border-radius-bottom-left:0px;--awb-padding-top:60px;--awb-padding-bottom:60px;--awb-margin-top:120px;--awb-background-color:var(--awb-color2);--awb-flex-wrap:wrap;\" ><div class=\"fusion-builder-row fusion-row fusion-flex-align-items-flex-start fusion-flex-content-wrap\" style=\"max-width:1248px;margin-left: calc(-4% \/ 2 );margin-right: calc(-4% \/ 2 );\"><div class=\"fusion-layout-column fusion_builder_column fusion-builder-column-14 fusion_builder_column_1_1 1_1 fusion-flex-column\" style=\"--awb-bg-size:cover;--awb-width-large:100%;--awb-margin-top-large:0px;--awb-spacing-right-large:1.92%;--awb-margin-bottom-large:20px;--awb-spacing-left-large:1.92%;--awb-width-medium:100%;--awb-order-medium:0;--awb-spacing-right-medium:1.92%;--awb-spacing-left-medium:1.92%;--awb-width-small:100%;--awb-order-small:0;--awb-spacing-right-small:1.92%;--awb-spacing-left-small:1.92%;\"><div class=\"fusion-column-wrapper fusion-column-has-shadow fusion-flex-justify-content-flex-start fusion-content-layout-column\"><div class=\"awb-gallery-wrapper awb-gallery-wrapper-1 button-span-no\" style=\"--more-btn-alignment:center;\"><div style=\"margin:-5px;--awb-bordersize:0px;\" class=\"fusion-gallery fusion-gallery-container fusion-grid-3 fusion-columns-total-18 fusion-gallery-layout-grid fusion-gallery-1\"><div style=\"padding:5px;\" class=\"fusion-grid-column fusion-gallery-column fusion-gallery-column-3 hover-type-none\"><div class=\"fusion-gallery-image\"><a href=\"https:\/\/kaderli.ch\/wp-content\/uploads\/2025\/05\/Pergola-Kaderli-Gartenbau-Biohort-17.png\" rel=\"noreferrer\" data-rel=\"iLightbox[gallery_image_1]\" class=\"fusion-lightbox\" target=\"_self\"><img decoding=\"async\" src=\"https:\/\/kaderli.ch\/wp-content\/uploads\/2025\/05\/Pergola-Kaderli-Gartenbau-Biohort-17.png\" width=\"1200\" height=\"600\" alt=\"\" title=\"Pergola-Kaderli-Gartenbau-Biohort-17\" aria-label=\"Pergola-Kaderli-Gartenbau-Biohort-17\" class=\"img-responsive wp-image-7629\" srcset=\"https:\/\/kaderli.ch\/wp-content\/uploads\/2025\/05\/Pergola-Kaderli-Gartenbau-Biohort-17-200x100.png 200w, https:\/\/kaderli.ch\/wp-content\/uploads\/2025\/05\/Pergola-Kaderli-Gartenbau-Biohort-17-400x200.png 400w, https:\/\/kaderli.ch\/wp-content\/uploads\/2025\/05\/Pergola-Kaderli-Gartenbau-Biohort-17-600x300.png 600w, https:\/\/kaderli.ch\/wp-content\/uploads\/2025\/05\/Pergola-Kaderli-Gartenbau-Biohort-17-800x400.png 800w, https:\/\/kaderli.ch\/wp-content\/uploads\/2025\/05\/Pergola-Kaderli-Gartenbau-Biohort-17.png 1200w\" sizes=\"(min-width: 2200px) 100vw, (min-width: 784px) 397px, (min-width: 712px) 595px, (min-width: 640px) 712px, \" \/><\/a><\/div><\/div><div style=\"padding:5px;\" class=\"fusion-grid-column fusion-gallery-column fusion-gallery-column-3 hover-type-none\"><div class=\"fusion-gallery-image\"><a href=\"https:\/\/kaderli.ch\/wp-content\/uploads\/2025\/05\/Pergola-Kaderli-Gartenbau-Biohort-16.png\" rel=\"noreferrer\" data-rel=\"iLightbox[gallery_image_1]\" class=\"fusion-lightbox\" target=\"_self\"><img decoding=\"async\" src=\"https:\/\/kaderli.ch\/wp-content\/uploads\/2025\/05\/Pergola-Kaderli-Gartenbau-Biohort-16.png\" width=\"1200\" height=\"1200\" alt=\"\" title=\"Pergola-Kaderli-Gartenbau-Biohort-16\" aria-label=\"Pergola-Kaderli-Gartenbau-Biohort-16\" class=\"img-responsive wp-image-7631\" srcset=\"https:\/\/kaderli.ch\/wp-content\/uploads\/2025\/05\/Pergola-Kaderli-Gartenbau-Biohort-16-200x200.png 200w, https:\/\/kaderli.ch\/wp-content\/uploads\/2025\/05\/Pergola-Kaderli-Gartenbau-Biohort-16-400x400.png 400w, https:\/\/kaderli.ch\/wp-content\/uploads\/2025\/05\/Pergola-Kaderli-Gartenbau-Biohort-16-600x600.png 600w, https:\/\/kaderli.ch\/wp-content\/uploads\/2025\/05\/Pergola-Kaderli-Gartenbau-Biohort-16-800x800.png 800w, https:\/\/kaderli.ch\/wp-content\/uploads\/2025\/05\/Pergola-Kaderli-Gartenbau-Biohort-16.png 1200w\" sizes=\"(min-width: 2200px) 100vw, (min-width: 784px) 397px, (min-width: 712px) 595px, (min-width: 640px) 712px, \" \/><\/a><\/div><\/div><div style=\"padding:5px;\" class=\"fusion-grid-column fusion-gallery-column fusion-gallery-column-3 hover-type-none\"><div class=\"fusion-gallery-image\"><a href=\"https:\/\/kaderli.ch\/wp-content\/uploads\/2025\/05\/Pergola-Kaderli-Gartenbau-Biohort-15.png\" rel=\"noreferrer\" data-rel=\"iLightbox[gallery_image_1]\" class=\"fusion-lightbox\" target=\"_self\"><img decoding=\"async\" src=\"https:\/\/kaderli.ch\/wp-content\/uploads\/2025\/05\/Pergola-Kaderli-Gartenbau-Biohort-15.png\" width=\"1200\" height=\"752\" alt=\"\" title=\"Pergola-Kaderli-Gartenbau-Biohort-15\" aria-label=\"Pergola-Kaderli-Gartenbau-Biohort-15\" class=\"img-responsive wp-image-7633\" srcset=\"https:\/\/kaderli.ch\/wp-content\/uploads\/2025\/05\/Pergola-Kaderli-Gartenbau-Biohort-15-200x125.png 200w, https:\/\/kaderli.ch\/wp-content\/uploads\/2025\/05\/Pergola-Kaderli-Gartenbau-Biohort-15-400x251.png 400w, https:\/\/kaderli.ch\/wp-content\/uploads\/2025\/05\/Pergola-Kaderli-Gartenbau-Biohort-15-600x376.png 600w, https:\/\/kaderli.ch\/wp-content\/uploads\/2025\/05\/Pergola-Kaderli-Gartenbau-Biohort-15-800x501.png 800w, https:\/\/kaderli.ch\/wp-content\/uploads\/2025\/05\/Pergola-Kaderli-Gartenbau-Biohort-15.png 1200w\" sizes=\"(min-width: 2200px) 100vw, (min-width: 784px) 397px, (min-width: 712px) 595px, (min-width: 640px) 712px, \" \/><\/a><\/div><\/div><div class=\"clearfix\"><\/div><div style=\"padding:5px;\" class=\"fusion-grid-column fusion-gallery-column fusion-gallery-column-3 hover-type-none\"><div class=\"fusion-gallery-image\"><a href=\"https:\/\/kaderli.ch\/wp-content\/uploads\/2025\/05\/Pergola-Kaderli-Gartenbau-Biohort-14.png\" rel=\"noreferrer\" data-rel=\"iLightbox[gallery_image_1]\" class=\"fusion-lightbox\" target=\"_self\"><img decoding=\"async\" src=\"https:\/\/kaderli.ch\/wp-content\/uploads\/2025\/05\/Pergola-Kaderli-Gartenbau-Biohort-14.png\" width=\"1200\" height=\"800\" alt=\"\" title=\"Pergola-Kaderli-Gartenbau-Biohort-14\" aria-label=\"Pergola-Kaderli-Gartenbau-Biohort-14\" class=\"img-responsive wp-image-7635\" srcset=\"https:\/\/kaderli.ch\/wp-content\/uploads\/2025\/05\/Pergola-Kaderli-Gartenbau-Biohort-14-200x133.png 200w, https:\/\/kaderli.ch\/wp-content\/uploads\/2025\/05\/Pergola-Kaderli-Gartenbau-Biohort-14-400x267.png 400w, https:\/\/kaderli.ch\/wp-content\/uploads\/2025\/05\/Pergola-Kaderli-Gartenbau-Biohort-14-600x400.png 600w, https:\/\/kaderli.ch\/wp-content\/uploads\/2025\/05\/Pergola-Kaderli-Gartenbau-Biohort-14-800x533.png 800w, https:\/\/kaderli.ch\/wp-content\/uploads\/2025\/05\/Pergola-Kaderli-Gartenbau-Biohort-14.png 1200w\" sizes=\"(min-width: 2200px) 100vw, (min-width: 784px) 397px, (min-width: 712px) 595px, (min-width: 640px) 712px, \" \/><\/a><\/div><\/div><div style=\"padding:5px;\" class=\"fusion-grid-column fusion-gallery-column fusion-gallery-column-3 hover-type-none\"><div class=\"fusion-gallery-image\"><a href=\"https:\/\/kaderli.ch\/wp-content\/uploads\/2025\/05\/Pergola-Kaderli-Gartenbau-Biohort-13.png\" rel=\"noreferrer\" data-rel=\"iLightbox[gallery_image_1]\" class=\"fusion-lightbox\" target=\"_self\"><img decoding=\"async\" src=\"https:\/\/kaderli.ch\/wp-content\/uploads\/2025\/05\/Pergola-Kaderli-Gartenbau-Biohort-13.png\" width=\"1200\" height=\"665\" alt=\"\" title=\"Pergola-Kaderli-Gartenbau-Biohort-13\" aria-label=\"Pergola-Kaderli-Gartenbau-Biohort-13\" class=\"img-responsive wp-image-7637\" srcset=\"https:\/\/kaderli.ch\/wp-content\/uploads\/2025\/05\/Pergola-Kaderli-Gartenbau-Biohort-13-200x111.png 200w, https:\/\/kaderli.ch\/wp-content\/uploads\/2025\/05\/Pergola-Kaderli-Gartenbau-Biohort-13-400x222.png 400w, https:\/\/kaderli.ch\/wp-content\/uploads\/2025\/05\/Pergola-Kaderli-Gartenbau-Biohort-13-600x333.png 600w, https:\/\/kaderli.ch\/wp-content\/uploads\/2025\/05\/Pergola-Kaderli-Gartenbau-Biohort-13-800x443.png 800w, https:\/\/kaderli.ch\/wp-content\/uploads\/2025\/05\/Pergola-Kaderli-Gartenbau-Biohort-13.png 1200w\" sizes=\"(min-width: 2200px) 100vw, (min-width: 784px) 397px, (min-width: 712px) 595px, (min-width: 640px) 712px, \" \/><\/a><\/div><\/div><div style=\"padding:5px;\" class=\"fusion-grid-column fusion-gallery-column fusion-gallery-column-3 hover-type-none\"><div class=\"fusion-gallery-image\"><a href=\"https:\/\/kaderli.ch\/wp-content\/uploads\/2025\/05\/Pergola-Kaderli-Gartenbau-Biohort-12.png\" rel=\"noreferrer\" data-rel=\"iLightbox[gallery_image_1]\" class=\"fusion-lightbox\" target=\"_self\"><img decoding=\"async\" src=\"https:\/\/kaderli.ch\/wp-content\/uploads\/2025\/05\/Pergola-Kaderli-Gartenbau-Biohort-12.png\" width=\"1200\" height=\"900\" alt=\"\" title=\"Pergola-Kaderli-Gartenbau-Biohort-12\" aria-label=\"Pergola-Kaderli-Gartenbau-Biohort-12\" class=\"img-responsive wp-image-7639\" srcset=\"https:\/\/kaderli.ch\/wp-content\/uploads\/2025\/05\/Pergola-Kaderli-Gartenbau-Biohort-12-200x150.png 200w, https:\/\/kaderli.ch\/wp-content\/uploads\/2025\/05\/Pergola-Kaderli-Gartenbau-Biohort-12-400x300.png 400w, https:\/\/kaderli.ch\/wp-content\/uploads\/2025\/05\/Pergola-Kaderli-Gartenbau-Biohort-12-600x450.png 600w, https:\/\/kaderli.ch\/wp-content\/uploads\/2025\/05\/Pergola-Kaderli-Gartenbau-Biohort-12-800x600.png 800w, https:\/\/kaderli.ch\/wp-content\/uploads\/2025\/05\/Pergola-Kaderli-Gartenbau-Biohort-12.png 1200w\" sizes=\"(min-width: 2200px) 100vw, (min-width: 784px) 397px, (min-width: 712px) 595px, (min-width: 640px) 712px, \" \/><\/a><\/div><\/div><div class=\"clearfix\"><\/div><div style=\"padding:5px;\" class=\"fusion-grid-column fusion-gallery-column fusion-gallery-column-3 hover-type-none\"><div class=\"fusion-gallery-image\"><a href=\"https:\/\/kaderli.ch\/wp-content\/uploads\/2025\/05\/Pergola-Kaderli-Gartenbau-Biohort-11.png\" rel=\"noreferrer\" data-rel=\"iLightbox[gallery_image_1]\" class=\"fusion-lightbox\" target=\"_self\"><img decoding=\"async\" src=\"https:\/\/kaderli.ch\/wp-content\/uploads\/2025\/05\/Pergola-Kaderli-Gartenbau-Biohort-11.png\" width=\"1200\" height=\"900\" alt=\"\" title=\"Pergola-Kaderli-Gartenbau-Biohort-11\" aria-label=\"Pergola-Kaderli-Gartenbau-Biohort-11\" class=\"img-responsive wp-image-7641\" srcset=\"https:\/\/kaderli.ch\/wp-content\/uploads\/2025\/05\/Pergola-Kaderli-Gartenbau-Biohort-11-200x150.png 200w, https:\/\/kaderli.ch\/wp-content\/uploads\/2025\/05\/Pergola-Kaderli-Gartenbau-Biohort-11-400x300.png 400w, https:\/\/kaderli.ch\/wp-content\/uploads\/2025\/05\/Pergola-Kaderli-Gartenbau-Biohort-11-600x450.png 600w, https:\/\/kaderli.ch\/wp-content\/uploads\/2025\/05\/Pergola-Kaderli-Gartenbau-Biohort-11-800x600.png 800w, https:\/\/kaderli.ch\/wp-content\/uploads\/2025\/05\/Pergola-Kaderli-Gartenbau-Biohort-11.png 1200w\" sizes=\"(min-width: 2200px) 100vw, (min-width: 784px) 397px, (min-width: 712px) 595px, (min-width: 640px) 712px, \" \/><\/a><\/div><\/div><div style=\"padding:5px;\" class=\"fusion-grid-column fusion-gallery-column fusion-gallery-column-3 hover-type-none\"><div class=\"fusion-gallery-image\"><a href=\"https:\/\/kaderli.ch\/wp-content\/uploads\/2025\/05\/Pergola-Kaderli-Gartenbau-Biohort-10.png\" rel=\"noreferrer\" data-rel=\"iLightbox[gallery_image_1]\" class=\"fusion-lightbox\" target=\"_self\"><img decoding=\"async\" src=\"https:\/\/kaderli.ch\/wp-content\/uploads\/2025\/05\/Pergola-Kaderli-Gartenbau-Biohort-10.png\" width=\"800\" height=\"1200\" alt=\"\" title=\"Pergola-Kaderli-Gartenbau-Biohort-10\" aria-label=\"Pergola-Kaderli-Gartenbau-Biohort-10\" class=\"img-responsive wp-image-7643\" srcset=\"https:\/\/kaderli.ch\/wp-content\/uploads\/2025\/05\/Pergola-Kaderli-Gartenbau-Biohort-10-200x300.png 200w, https:\/\/kaderli.ch\/wp-content\/uploads\/2025\/05\/Pergola-Kaderli-Gartenbau-Biohort-10-400x600.png 400w, https:\/\/kaderli.ch\/wp-content\/uploads\/2025\/05\/Pergola-Kaderli-Gartenbau-Biohort-10-600x900.png 600w, https:\/\/kaderli.ch\/wp-content\/uploads\/2025\/05\/Pergola-Kaderli-Gartenbau-Biohort-10.png 800w\" sizes=\"(min-width: 2200px) 100vw, (min-width: 784px) 397px, (min-width: 712px) 595px, (min-width: 640px) 712px, \" \/><\/a><\/div><\/div><div style=\"padding:5px;\" class=\"fusion-grid-column fusion-gallery-column fusion-gallery-column-3 hover-type-none\"><div class=\"fusion-gallery-image\"><a href=\"https:\/\/kaderli.ch\/wp-content\/uploads\/2025\/05\/Pergola-Kaderli-Gartenbau-Biohort-09.png\" rel=\"noreferrer\" data-rel=\"iLightbox[gallery_image_1]\" class=\"fusion-lightbox\" target=\"_self\"><img decoding=\"async\" src=\"https:\/\/kaderli.ch\/wp-content\/uploads\/2025\/05\/Pergola-Kaderli-Gartenbau-Biohort-09.png\" width=\"800\" height=\"1200\" alt=\"\" title=\"Pergola-Kaderli-Gartenbau-Biohort-09\" aria-label=\"Pergola-Kaderli-Gartenbau-Biohort-09\" class=\"img-responsive wp-image-7645\" srcset=\"https:\/\/kaderli.ch\/wp-content\/uploads\/2025\/05\/Pergola-Kaderli-Gartenbau-Biohort-09-200x300.png 200w, https:\/\/kaderli.ch\/wp-content\/uploads\/2025\/05\/Pergola-Kaderli-Gartenbau-Biohort-09-400x600.png 400w, https:\/\/kaderli.ch\/wp-content\/uploads\/2025\/05\/Pergola-Kaderli-Gartenbau-Biohort-09-600x900.png 600w, https:\/\/kaderli.ch\/wp-content\/uploads\/2025\/05\/Pergola-Kaderli-Gartenbau-Biohort-09.png 800w\" sizes=\"(min-width: 2200px) 100vw, (min-width: 784px) 397px, (min-width: 712px) 595px, (min-width: 640px) 712px, \" \/><\/a><\/div><\/div><div class=\"clearfix\"><\/div><div style=\"padding:5px;\" class=\"fusion-grid-column fusion-gallery-column fusion-gallery-column-3 hover-type-none\"><div class=\"fusion-gallery-image\"><a href=\"https:\/\/kaderli.ch\/wp-content\/uploads\/2025\/05\/Pergola-Kaderli-Gartenbau-Biohort-08.png\" rel=\"noreferrer\" data-rel=\"iLightbox[gallery_image_1]\" class=\"fusion-lightbox\" target=\"_self\"><img decoding=\"async\" src=\"https:\/\/kaderli.ch\/wp-content\/uploads\/2025\/05\/Pergola-Kaderli-Gartenbau-Biohort-08.png\" width=\"1200\" height=\"900\" alt=\"\" title=\"Pergola-Kaderli-Gartenbau-Biohort-08\" aria-label=\"Pergola-Kaderli-Gartenbau-Biohort-08\" class=\"img-responsive wp-image-7647\" srcset=\"https:\/\/kaderli.ch\/wp-content\/uploads\/2025\/05\/Pergola-Kaderli-Gartenbau-Biohort-08-200x150.png 200w, https:\/\/kaderli.ch\/wp-content\/uploads\/2025\/05\/Pergola-Kaderli-Gartenbau-Biohort-08-400x300.png 400w, https:\/\/kaderli.ch\/wp-content\/uploads\/2025\/05\/Pergola-Kaderli-Gartenbau-Biohort-08-600x450.png 600w, https:\/\/kaderli.ch\/wp-content\/uploads\/2025\/05\/Pergola-Kaderli-Gartenbau-Biohort-08-800x600.png 800w, https:\/\/kaderli.ch\/wp-content\/uploads\/2025\/05\/Pergola-Kaderli-Gartenbau-Biohort-08.png 1200w\" sizes=\"(min-width: 2200px) 100vw, (min-width: 784px) 397px, (min-width: 712px) 595px, (min-width: 640px) 712px, \" \/><\/a><\/div><\/div><div style=\"padding:5px;\" class=\"fusion-grid-column fusion-gallery-column fusion-gallery-column-3 hover-type-none\"><div class=\"fusion-gallery-image\"><a href=\"https:\/\/kaderli.ch\/wp-content\/uploads\/2025\/05\/Pergola-Kaderli-Gartenbau-Biohort-07.png\" rel=\"noreferrer\" data-rel=\"iLightbox[gallery_image_1]\" class=\"fusion-lightbox\" target=\"_self\"><img decoding=\"async\" src=\"https:\/\/kaderli.ch\/wp-content\/uploads\/2025\/05\/Pergola-Kaderli-Gartenbau-Biohort-07.png\" width=\"1200\" height=\"900\" alt=\"\" title=\"Pergola-Kaderli-Gartenbau-Biohort-07\" aria-label=\"Pergola-Kaderli-Gartenbau-Biohort-07\" class=\"img-responsive wp-image-7649\" srcset=\"https:\/\/kaderli.ch\/wp-content\/uploads\/2025\/05\/Pergola-Kaderli-Gartenbau-Biohort-07-200x150.png 200w, https:\/\/kaderli.ch\/wp-content\/uploads\/2025\/05\/Pergola-Kaderli-Gartenbau-Biohort-07-400x300.png 400w, https:\/\/kaderli.ch\/wp-content\/uploads\/2025\/05\/Pergola-Kaderli-Gartenbau-Biohort-07-600x450.png 600w, https:\/\/kaderli.ch\/wp-content\/uploads\/2025\/05\/Pergola-Kaderli-Gartenbau-Biohort-07-800x600.png 800w, https:\/\/kaderli.ch\/wp-content\/uploads\/2025\/05\/Pergola-Kaderli-Gartenbau-Biohort-07.png 1200w\" sizes=\"(min-width: 2200px) 100vw, (min-width: 784px) 397px, (min-width: 712px) 595px, (min-width: 640px) 712px, \" \/><\/a><\/div><\/div><div style=\"padding:5px;\" class=\"fusion-grid-column fusion-gallery-column fusion-gallery-column-3 hover-type-none\"><div class=\"fusion-gallery-image\"><a href=\"https:\/\/kaderli.ch\/wp-content\/uploads\/2025\/05\/Pergola-Kaderli-Gartenbau-Biohort-05.png\" rel=\"noreferrer\" data-rel=\"iLightbox[gallery_image_1]\" class=\"fusion-lightbox\" target=\"_self\"><img decoding=\"async\" src=\"https:\/\/kaderli.ch\/wp-content\/uploads\/2025\/05\/Pergola-Kaderli-Gartenbau-Biohort-05.png\" width=\"1200\" height=\"800\" alt=\"\" title=\"Pergola-Kaderli-Gartenbau-Biohort-05\" aria-label=\"Pergola-Kaderli-Gartenbau-Biohort-05\" class=\"img-responsive wp-image-7653\" srcset=\"https:\/\/kaderli.ch\/wp-content\/uploads\/2025\/05\/Pergola-Kaderli-Gartenbau-Biohort-05-200x133.png 200w, https:\/\/kaderli.ch\/wp-content\/uploads\/2025\/05\/Pergola-Kaderli-Gartenbau-Biohort-05-400x267.png 400w, https:\/\/kaderli.ch\/wp-content\/uploads\/2025\/05\/Pergola-Kaderli-Gartenbau-Biohort-05-600x400.png 600w, https:\/\/kaderli.ch\/wp-content\/uploads\/2025\/05\/Pergola-Kaderli-Gartenbau-Biohort-05-800x533.png 800w, https:\/\/kaderli.ch\/wp-content\/uploads\/2025\/05\/Pergola-Kaderli-Gartenbau-Biohort-05.png 1200w\" sizes=\"(min-width: 2200px) 100vw, (min-width: 784px) 397px, (min-width: 712px) 595px, (min-width: 640px) 712px, \" \/><\/a><\/div><\/div><div class=\"clearfix\"><\/div><div style=\"padding:5px;\" class=\"fusion-grid-column fusion-gallery-column fusion-gallery-column-3 hover-type-none\"><div class=\"fusion-gallery-image\"><a href=\"https:\/\/kaderli.ch\/wp-content\/uploads\/2025\/05\/Pergola-Kaderli-Gartenbau-Biohort-04.png\" rel=\"noreferrer\" data-rel=\"iLightbox[gallery_image_1]\" class=\"fusion-lightbox\" target=\"_self\"><img decoding=\"async\" src=\"https:\/\/kaderli.ch\/wp-content\/uploads\/2025\/05\/Pergola-Kaderli-Gartenbau-Biohort-04.png\" width=\"1200\" height=\"800\" alt=\"\" title=\"Pergola-Kaderli-Gartenbau-Biohort-04\" aria-label=\"Pergola-Kaderli-Gartenbau-Biohort-04\" class=\"img-responsive wp-image-7655\" srcset=\"https:\/\/kaderli.ch\/wp-content\/uploads\/2025\/05\/Pergola-Kaderli-Gartenbau-Biohort-04-200x133.png 200w, https:\/\/kaderli.ch\/wp-content\/uploads\/2025\/05\/Pergola-Kaderli-Gartenbau-Biohort-04-400x267.png 400w, https:\/\/kaderli.ch\/wp-content\/uploads\/2025\/05\/Pergola-Kaderli-Gartenbau-Biohort-04-600x400.png 600w, https:\/\/kaderli.ch\/wp-content\/uploads\/2025\/05\/Pergola-Kaderli-Gartenbau-Biohort-04-800x533.png 800w, https:\/\/kaderli.ch\/wp-content\/uploads\/2025\/05\/Pergola-Kaderli-Gartenbau-Biohort-04.png 1200w\" sizes=\"(min-width: 2200px) 100vw, (min-width: 784px) 397px, (min-width: 712px) 595px, (min-width: 640px) 712px, \" \/><\/a><\/div><\/div><div style=\"padding:5px;\" class=\"fusion-grid-column fusion-gallery-column fusion-gallery-column-3 hover-type-none\"><div class=\"fusion-gallery-image\"><a href=\"https:\/\/kaderli.ch\/wp-content\/uploads\/2025\/05\/Pergola-Kaderli-Gartenbau-Biohort-03.png\" rel=\"noreferrer\" data-rel=\"iLightbox[gallery_image_1]\" class=\"fusion-lightbox\" target=\"_self\"><img decoding=\"async\" src=\"https:\/\/kaderli.ch\/wp-content\/uploads\/2025\/05\/Pergola-Kaderli-Gartenbau-Biohort-03.png\" width=\"900\" height=\"1200\" alt=\"\" title=\"Pergola-Kaderli-Gartenbau-Biohort-03\" aria-label=\"Pergola-Kaderli-Gartenbau-Biohort-03\" class=\"img-responsive wp-image-7657\" srcset=\"https:\/\/kaderli.ch\/wp-content\/uploads\/2025\/05\/Pergola-Kaderli-Gartenbau-Biohort-03-200x267.png 200w, https:\/\/kaderli.ch\/wp-content\/uploads\/2025\/05\/Pergola-Kaderli-Gartenbau-Biohort-03-400x533.png 400w, https:\/\/kaderli.ch\/wp-content\/uploads\/2025\/05\/Pergola-Kaderli-Gartenbau-Biohort-03-600x800.png 600w, https:\/\/kaderli.ch\/wp-content\/uploads\/2025\/05\/Pergola-Kaderli-Gartenbau-Biohort-03-800x1067.png 800w, https:\/\/kaderli.ch\/wp-content\/uploads\/2025\/05\/Pergola-Kaderli-Gartenbau-Biohort-03.png 900w\" sizes=\"(min-width: 2200px) 100vw, (min-width: 784px) 397px, (min-width: 712px) 595px, (min-width: 640px) 712px, \" \/><\/a><\/div><\/div><div style=\"padding:5px;\" class=\"fusion-grid-column fusion-gallery-column fusion-gallery-column-3 hover-type-none\"><div class=\"fusion-gallery-image\"><a href=\"https:\/\/kaderli.ch\/wp-content\/uploads\/2025\/05\/Pergola-Kaderli-Gartenbau-Biohort-02.png\" rel=\"noreferrer\" data-rel=\"iLightbox[gallery_image_1]\" class=\"fusion-lightbox\" target=\"_self\"><img decoding=\"async\" src=\"https:\/\/kaderli.ch\/wp-content\/uploads\/2025\/05\/Pergola-Kaderli-Gartenbau-Biohort-02.png\" width=\"1200\" height=\"800\" alt=\"\" title=\"Pergola-Kaderli-Gartenbau-Biohort-02\" aria-label=\"Pergola-Kaderli-Gartenbau-Biohort-02\" class=\"img-responsive wp-image-7659\" srcset=\"https:\/\/kaderli.ch\/wp-content\/uploads\/2025\/05\/Pergola-Kaderli-Gartenbau-Biohort-02-200x133.png 200w, https:\/\/kaderli.ch\/wp-content\/uploads\/2025\/05\/Pergola-Kaderli-Gartenbau-Biohort-02-400x267.png 400w, https:\/\/kaderli.ch\/wp-content\/uploads\/2025\/05\/Pergola-Kaderli-Gartenbau-Biohort-02-600x400.png 600w, https:\/\/kaderli.ch\/wp-content\/uploads\/2025\/05\/Pergola-Kaderli-Gartenbau-Biohort-02-800x533.png 800w, https:\/\/kaderli.ch\/wp-content\/uploads\/2025\/05\/Pergola-Kaderli-Gartenbau-Biohort-02.png 1200w\" sizes=\"(min-width: 2200px) 100vw, (min-width: 784px) 397px, (min-width: 712px) 595px, (min-width: 640px) 712px, \" \/><\/a><\/div><\/div><div class=\"clearfix\"><\/div><div style=\"padding:5px;\" class=\"fusion-grid-column fusion-gallery-column fusion-gallery-column-3 hover-type-none\"><div class=\"fusion-gallery-image\"><a href=\"https:\/\/kaderli.ch\/wp-content\/uploads\/2025\/05\/Pergola-Kaderli-Gartenbau-Biohort-01.png\" rel=\"noreferrer\" data-rel=\"iLightbox[gallery_image_1]\" class=\"fusion-lightbox\" target=\"_self\"><img decoding=\"async\" src=\"https:\/\/kaderli.ch\/wp-content\/uploads\/2025\/05\/Pergola-Kaderli-Gartenbau-Biohort-01.png\" width=\"1200\" height=\"800\" alt=\"\" title=\"Pergola-Kaderli-Gartenbau-Biohort-01\" aria-label=\"Pergola-Kaderli-Gartenbau-Biohort-01\" class=\"img-responsive wp-image-7661\" srcset=\"https:\/\/kaderli.ch\/wp-content\/uploads\/2025\/05\/Pergola-Kaderli-Gartenbau-Biohort-01-200x133.png 200w, https:\/\/kaderli.ch\/wp-content\/uploads\/2025\/05\/Pergola-Kaderli-Gartenbau-Biohort-01-400x267.png 400w, https:\/\/kaderli.ch\/wp-content\/uploads\/2025\/05\/Pergola-Kaderli-Gartenbau-Biohort-01-600x400.png 600w, https:\/\/kaderli.ch\/wp-content\/uploads\/2025\/05\/Pergola-Kaderli-Gartenbau-Biohort-01-800x533.png 800w, https:\/\/kaderli.ch\/wp-content\/uploads\/2025\/05\/Pergola-Kaderli-Gartenbau-Biohort-01.png 1200w\" sizes=\"(min-width: 2200px) 100vw, (min-width: 784px) 397px, (min-width: 712px) 595px, (min-width: 640px) 712px, \" \/><\/a><\/div><\/div><div style=\"padding:5px;\" class=\"fusion-grid-column fusion-gallery-column fusion-gallery-column-3 hover-type-none\"><div class=\"fusion-gallery-image\"><a href=\"https:\/\/kaderli.ch\/wp-content\/uploads\/2025\/05\/Pergola-Kaderli-Gartenbau-Biohort-19.jpg\" rel=\"noreferrer\" data-rel=\"iLightbox[gallery_image_1]\" class=\"fusion-lightbox\" target=\"_self\"><img decoding=\"async\" src=\"https:\/\/kaderli.ch\/wp-content\/uploads\/2025\/05\/Pergola-Kaderli-Gartenbau-Biohort-19.jpg\" width=\"1200\" height=\"665\" alt=\"\" title=\"Pergola-Kaderli-Gartenbau-Biohort-19\" aria-label=\"Pergola-Kaderli-Gartenbau-Biohort-19\" class=\"img-responsive wp-image-7671\" srcset=\"https:\/\/kaderli.ch\/wp-content\/uploads\/2025\/05\/Pergola-Kaderli-Gartenbau-Biohort-19-200x111.jpg 200w, https:\/\/kaderli.ch\/wp-content\/uploads\/2025\/05\/Pergola-Kaderli-Gartenbau-Biohort-19-400x222.jpg 400w, https:\/\/kaderli.ch\/wp-content\/uploads\/2025\/05\/Pergola-Kaderli-Gartenbau-Biohort-19-600x333.jpg 600w, https:\/\/kaderli.ch\/wp-content\/uploads\/2025\/05\/Pergola-Kaderli-Gartenbau-Biohort-19-800x443.jpg 800w, https:\/\/kaderli.ch\/wp-content\/uploads\/2025\/05\/Pergola-Kaderli-Gartenbau-Biohort-19.jpg 1200w\" sizes=\"(min-width: 2200px) 100vw, (min-width: 784px) 397px, (min-width: 712px) 595px, (min-width: 640px) 712px, \" \/><\/a><\/div><\/div><div style=\"padding:5px;\" class=\"fusion-grid-column fusion-gallery-column fusion-gallery-column-3 hover-type-none\"><div class=\"fusion-gallery-image\"><a href=\"https:\/\/kaderli.ch\/wp-content\/uploads\/2025\/05\/Pergola-Kaderli-Gartenbau-Biohort-18.jpg\" rel=\"noreferrer\" data-rel=\"iLightbox[gallery_image_1]\" class=\"fusion-lightbox\" target=\"_self\"><img decoding=\"async\" src=\"https:\/\/kaderli.ch\/wp-content\/uploads\/2025\/05\/Pergola-Kaderli-Gartenbau-Biohort-18.jpg\" width=\"1200\" height=\"1200\" alt=\"\" title=\"Pergola-Kaderli-Gartenbau-Biohort-18\" aria-label=\"Pergola-Kaderli-Gartenbau-Biohort-18\" class=\"img-responsive wp-image-7669\" srcset=\"https:\/\/kaderli.ch\/wp-content\/uploads\/2025\/05\/Pergola-Kaderli-Gartenbau-Biohort-18-200x200.jpg 200w, https:\/\/kaderli.ch\/wp-content\/uploads\/2025\/05\/Pergola-Kaderli-Gartenbau-Biohort-18-400x400.jpg 400w, https:\/\/kaderli.ch\/wp-content\/uploads\/2025\/05\/Pergola-Kaderli-Gartenbau-Biohort-18-600x600.jpg 600w, https:\/\/kaderli.ch\/wp-content\/uploads\/2025\/05\/Pergola-Kaderli-Gartenbau-Biohort-18-800x800.jpg 800w, https:\/\/kaderli.ch\/wp-content\/uploads\/2025\/05\/Pergola-Kaderli-Gartenbau-Biohort-18.jpg 1200w\" sizes=\"(min-width: 2200px) 100vw, (min-width: 784px) 397px, (min-width: 712px) 595px, (min-width: 640px) 712px, \" \/><\/a><\/div><\/div><div class=\"clearfix\"><\/div><\/div><\/div><\/div><\/div><\/div><\/div><\/p>\n","protected":false},"excerpt":{"rendered":"","protected":false},"author":3,"featured_media":0,"parent":6969,"menu_order":0,"comment_status":"closed","ping_status":"closed","template":"100-width.php","meta":{"footnotes":""},"class_list":["post-7674","page","type-page","status-publish","hentry"],"_links":{"self":[{"href":"https:\/\/kaderli.ch\/fr\/wp-json\/wp\/v2\/pages\/7674","targetHints":{"allow":["GET"]}}],"collection":[{"href":"https:\/\/kaderli.ch\/fr\/wp-json\/wp\/v2\/pages"}],"about":[{"href":"https:\/\/kaderli.ch\/fr\/wp-json\/wp\/v2\/types\/page"}],"author":[{"embeddable":true,"href":"https:\/\/kaderli.ch\/fr\/wp-json\/wp\/v2\/users\/3"}],"replies":[{"embeddable":true,"href":"https:\/\/kaderli.ch\/fr\/wp-json\/wp\/v2\/comments?post=7674"}],"version-history":[{"count":11,"href":"https:\/\/kaderli.ch\/fr\/wp-json\/wp\/v2\/pages\/7674\/revisions"}],"predecessor-version":[{"id":7689,"href":"https:\/\/kaderli.ch\/fr\/wp-json\/wp\/v2\/pages\/7674\/revisions\/7689"}],"up":[{"embeddable":true,"href":"https:\/\/kaderli.ch\/fr\/wp-json\/wp\/v2\/pages\/6969"}],"wp:attachment":[{"href":"https:\/\/kaderli.ch\/fr\/wp-json\/wp\/v2\/media?parent=7674"}],"curies":[{"name":"wp","href":"https:\/\/api.w.org\/{rel}","templated":true}]}}