{"id":2034,"date":"2017-02-13T12:25:52","date_gmt":"2017-02-13T13:06:26","guid":{"rendered":"http:\/\/kaderli.dev\/product\/podest-d-entree-avec-nettoyeur-des-souilers\/"},"modified":"2017-08-09T11:54:32","modified_gmt":"2017-08-09T11:54:32","slug":"podest-d-entree-avec-nettoyeur-des-souilers","status":"publish","type":"product","link":"https:\/\/kaderli.ch\/fr\/product\/podest-d-entree-avec-nettoyeur-des-souilers\/","title":{"rendered":"Palier d&rsquo;entr\u00e9 avec tapis"},"content":{"rendered":"<p>Le podest d&rsquo;entr\u00e9e peut \u00eatrre avec toutes les marches et dalles. Un tapis ou grille pour le nettoyage des souliers peut \u00eatre int\u00e9gr\u00e9e directement dans le posdest, ou un tapis peut \u00eatre pos\u00e9e sur le podest.<\/p>\n","protected":false},"excerpt":{"rendered":"<p>Le&nbsp;palier d&rsquo;entr\u00e9e peut \u00eatrre r\u00e9alis\u00e9 avec toutes les marches et dalles.<\/p>\n<p>Un tapis ou grille pour le nettoyage des souliers peut \u00eatre int\u00e9gr\u00e9e directement dans le palier, ou un tapis ou un de notre gazon artificiel&nbsp;peut \u00eatre pos\u00e9 directement sur le palier.<\/p>\n","protected":false},"featured_media":1132,"template":"","meta":[],"product_brand":[],"product_cat":[92],"product_tag":[798],"class_list":{"0":"post-2034","1":"product","2":"type-product","3":"status-publish","4":"has-post-thumbnail","6":"product_cat-entree-et-decoration","7":"product_tag-sfd","8":"pa_dimensions-stueck-fr","9":"pa_id-183-fr","10":"pa_link-www-wabool-ch-fr","11":"pa_similar-39-fr","13":"first","14":"instock","15":"virtual","16":"purchasable","17":"product-type-simple"},"_links":{"self":[{"href":"https:\/\/kaderli.ch\/fr\/wp-json\/wp\/v2\/product\/2034","targetHints":{"allow":["GET"]}}],"collection":[{"href":"https:\/\/kaderli.ch\/fr\/wp-json\/wp\/v2\/product"}],"about":[{"href":"https:\/\/kaderli.ch\/fr\/wp-json\/wp\/v2\/types\/product"}],"wp:featuredmedia":[{"embeddable":true,"href":"https:\/\/kaderli.ch\/fr\/wp-json\/wp\/v2\/media\/1132"}],"wp:attachment":[{"href":"https:\/\/kaderli.ch\/fr\/wp-json\/wp\/v2\/media?parent=2034"}],"wp:term":[{"taxonomy":"product_brand","embeddable":true,"href":"https:\/\/kaderli.ch\/fr\/wp-json\/wp\/v2\/product_brand?post=2034"},{"taxonomy":"product_cat","embeddable":true,"href":"https:\/\/kaderli.ch\/fr\/wp-json\/wp\/v2\/product_cat?post=2034"},{"taxonomy":"product_tag","embeddable":true,"href":"https:\/\/kaderli.ch\/fr\/wp-json\/wp\/v2\/product_tag?post=2034"}],"curies":[{"name":"wp","href":"https:\/\/api.w.org\/{rel}","templated":true}]}}